{"id":114,"date":"2020-03-28T18:01:35","date_gmt":"2020-03-28T18:01:35","guid":{"rendered":"http:\/\/www.tiendastm.com\/biotictuning\/?page_id=114"},"modified":"2022-02-21T12:28:51","modified_gmt":"2022-02-21T15:28:51","slug":"selva-valdiviana","status":"publish","type":"page","link":"https:\/\/biotictuning.com\/es\/selva-valdiviana\/","title":{"rendered":"Selva Valdiviana"},"content":{"rendered":"<section class=\"ab-block-post-grid featuredpost alignwide\"><div class=\"ab-post-grid-items is-grid columns-3\"><article id=\"post-1313\" class=\"ab-post-grid-item post-1313 post type-post status-publish format-standard has-post-thumbnail category-bosques-antiguos-nativos-de-chile category-legadoprimario category-selva-valdiviana-bosque-lluvioso-del-fin-del-mundo category-sintonia-biotica entry\"><div class=\"ab-block-post-grid-image\"><a href=\"https:\/\/biotictuning.com\/es\/los-bosques-primarios-son-insustituibles-irreemplazables-y-los-mas-valiosos-para-el-ser-humano\/\" rel=\"bookmark\" aria-hidden=\"true\" tabindex=\"-1\"><img decoding=\"async\" width=\"600\" height=\"600\" src=\"data:image\/gif;base64,R0lGODlhAQABAIAAAAAAAP\/\/\/yH5BAEAAAAALAAAAAABAAEAAAIBRAA7\" data-src=\"https:\/\/biotictuning.com\/wp-content\/uploads\/2021\/05\/Old-growth-forest-Reserva-Costera-Valdiviana-biotictuning-1-600x600.jpeg\" class=\"attachment-ab-block-post-grid-square size-ab-block-post-grid-square lazyload\" alt=\"Bosque primario de la Reserva Costera Valdiviana\" data-srcset=\"https:\/\/biotictuning.com\/wp-content\/uploads\/2021\/05\/Old-growth-forest-Reserva-Costera-Valdiviana-biotictuning-1-600x600.jpeg 600w, https:\/\/biotictuning.com\/wp-content\/uploads\/2021\/05\/Old-growth-forest-Reserva-Costera-Valdiviana-biotictuning-1-150x150.jpeg 150w, https:\/\/biotictuning.com\/wp-content\/uploads\/2021\/05\/Old-growth-forest-Reserva-Costera-Valdiviana-biotictuning-1-80x80.jpeg 80w, https:\/\/biotictuning.com\/wp-content\/uploads\/2021\/05\/Old-growth-forest-Reserva-Costera-Valdiviana-biotictuning-1-530x530.jpeg 530w, https:\/\/biotictuning.com\/wp-content\/uploads\/2021\/05\/Old-growth-forest-Reserva-Costera-Valdiviana-biotictuning-1-180x180.jpeg 180w\" sizes=\"(max-width: 600px) 100vw, 600px\" \/><noscript><img decoding=\"async\" width=\"600\" height=\"600\" src=\"https:\/\/biotictuning.com\/wp-content\/uploads\/2021\/05\/Old-growth-forest-Reserva-Costera-Valdiviana-biotictuning-1-600x600.jpeg\" class=\"attachment-ab-block-post-grid-square size-ab-block-post-grid-square lazyload\" alt=\"Bosque primario de la Reserva Costera Valdiviana\" srcset=\"https:\/\/biotictuning.com\/wp-content\/uploads\/2021\/05\/Old-growth-forest-Reserva-Costera-Valdiviana-biotictuning-1-600x600.jpeg 600w, https:\/\/biotictuning.com\/wp-content\/uploads\/2021\/05\/Old-growth-forest-Reserva-Costera-Valdiviana-biotictuning-1-150x150.jpeg 150w, https:\/\/biotictuning.com\/wp-content\/uploads\/2021\/05\/Old-growth-forest-Reserva-Costera-Valdiviana-biotictuning-1-80x80.jpeg 80w, https:\/\/biotictuning.com\/wp-content\/uploads\/2021\/05\/Old-growth-forest-Reserva-Costera-Valdiviana-biotictuning-1-530x530.jpeg 530w, https:\/\/biotictuning.com\/wp-content\/uploads\/2021\/05\/Old-growth-forest-Reserva-Costera-Valdiviana-biotictuning-1-180x180.jpeg 180w\" sizes=\"(max-width: 600px) 100vw, 600px\" \/><\/noscript><\/a><\/div><div class=\"ab-block-post-grid-text\"><header class=\"ab-block-post-grid-header\"><h3 class=\"ab-block-post-grid-title\"><a href=\"https:\/\/biotictuning.com\/es\/los-bosques-primarios-son-insustituibles-irreemplazables-y-los-mas-valiosos-para-el-ser-humano\/\" rel=\"bookmark\">Los bosques primarios son insustituibles, irremplazables y los m\u00e1s valiosos para el ser humano<\/a><\/h3><div class=\"ab-block-post-grid-byline\"><\/div><\/header><div class=\"ab-block-post-grid-excerpt\"><p>Si verdaderamente queremos hacer honor al nombre que nos hemos dado los sapiens sapiens, los sabios, sabios. Y acabar con problemas como la escasez de&hellip;<\/p>\n<p><a class=\"ab-block-post-grid-more-link ab-text-link\" href=\"https:\/\/biotictuning.com\/es\/los-bosques-primarios-son-insustituibles-irreemplazables-y-los-mas-valiosos-para-el-ser-humano\/\" rel=\"bookmark\">Contin\u00faa leyendo <span class=\"screen-reader-text\">Los bosques primarios son insustituibles, irremplazables y los m\u00e1s valiosos para el ser humano<\/span><\/a><\/p><\/div><\/div><\/article>\n<article id=\"post-859\" class=\"ab-post-grid-item post-859 post type-post status-publish format-standard has-post-thumbnail category-costa-valdiviana category-experiencias-y-programas-en-la-selva-valdiana category-tours-parques-nacionales-y-reservas-naturales-selva-valdiviana entry\"><div class=\"ab-block-post-grid-image\"><a href=\"https:\/\/biotictuning.com\/es\/sendero-los-colmillos-de-chaihuin\/\" rel=\"bookmark\" aria-hidden=\"true\" tabindex=\"-1\"><img decoding=\"async\" width=\"600\" height=\"600\" src=\"data:image\/gif;base64,R0lGODlhAQABAIAAAAAAAP\/\/\/yH5BAEAAAAALAAAAAABAAEAAAIBRAA7\" data-src=\"https:\/\/biotictuning.com\/wp-content\/uploads\/2020\/07\/Ocaso-colmillos-de-chaihuin-3-600x600.jpeg?v=1597566492\" class=\"attachment-ab-block-post-grid-square size-ab-block-post-grid-square lazyload\" alt=\"\" data-srcset=\"https:\/\/biotictuning.com\/wp-content\/uploads\/2020\/07\/Ocaso-colmillos-de-chaihuin-3-600x600.jpeg?v=1597566492 600w, https:\/\/biotictuning.com\/wp-content\/uploads\/2020\/07\/Ocaso-colmillos-de-chaihuin-3-530x530.jpeg?v=1597566492 530w, https:\/\/biotictuning.com\/wp-content\/uploads\/2020\/07\/Ocaso-colmillos-de-chaihuin-3-180x180.jpeg?v=1597566492 180w, https:\/\/biotictuning.com\/wp-content\/uploads\/2020\/07\/Ocaso-colmillos-de-chaihuin-3-150x150.jpeg?v=1597566492 150w, https:\/\/biotictuning.com\/wp-content\/uploads\/2020\/07\/Ocaso-colmillos-de-chaihuin-3-80x80.jpeg?v=1597566492 80w\" sizes=\"(max-width: 600px) 100vw, 600px\" \/><noscript><img decoding=\"async\" width=\"600\" height=\"600\" src=\"https:\/\/biotictuning.com\/wp-content\/uploads\/2020\/07\/Ocaso-colmillos-de-chaihuin-3-600x600.jpeg?v=1597566492\" class=\"attachment-ab-block-post-grid-square size-ab-block-post-grid-square lazyload\" alt=\"\" srcset=\"https:\/\/biotictuning.com\/wp-content\/uploads\/2020\/07\/Ocaso-colmillos-de-chaihuin-3-600x600.jpeg?v=1597566492 600w, https:\/\/biotictuning.com\/wp-content\/uploads\/2020\/07\/Ocaso-colmillos-de-chaihuin-3-530x530.jpeg?v=1597566492 530w, https:\/\/biotictuning.com\/wp-content\/uploads\/2020\/07\/Ocaso-colmillos-de-chaihuin-3-180x180.jpeg?v=1597566492 180w, https:\/\/biotictuning.com\/wp-content\/uploads\/2020\/07\/Ocaso-colmillos-de-chaihuin-3-150x150.jpeg?v=1597566492 150w, https:\/\/biotictuning.com\/wp-content\/uploads\/2020\/07\/Ocaso-colmillos-de-chaihuin-3-80x80.jpeg?v=1597566492 80w\" sizes=\"(max-width: 600px) 100vw, 600px\" \/><\/noscript><\/a><\/div><div class=\"ab-block-post-grid-text\"><header class=\"ab-block-post-grid-header\"><h3 class=\"ab-block-post-grid-title\"><a href=\"https:\/\/biotictuning.com\/es\/sendero-los-colmillos-de-chaihuin\/\" rel=\"bookmark\">Sendero los colmillos de Chaihuin<\/a><\/h3><div class=\"ab-block-post-grid-byline\"><\/div><\/header><div class=\"ab-block-post-grid-excerpt\"><p>Muy cerca del pueblito pesquero y tur\u00edstico de Chaihuin, la Reserva Costera Valdiviana ha habilitado para los visitantes un sendero interpretativo auto guiado muy c\u00f3modo&hellip;<\/p>\n<p><a class=\"ab-block-post-grid-more-link ab-text-link\" href=\"https:\/\/biotictuning.com\/es\/sendero-los-colmillos-de-chaihuin\/\" rel=\"bookmark\">Contin\u00faa leyendo <span class=\"screen-reader-text\">Sendero los colmillos de Chaihuin<\/span><\/a><\/p><\/div><\/div><\/article>\n<article id=\"post-854\" class=\"ab-post-grid-item post-854 post type-post status-publish format-standard has-post-thumbnail category-bosques-antiguos-nativos-de-chile category-experiencias-y-programas-en-la-selva-valdiana category-plantas-nativas-de-la-selva-valdiviana category-selva-valdiviana-bosque-lluvioso-del-fin-del-mundo category-tours-parques-nacionales-y-reservas-naturales-selva-valdiviana entry\"><div class=\"ab-block-post-grid-image\"><a href=\"https:\/\/biotictuning.com\/es\/sendero-los-alerces-milenarios\/\" rel=\"bookmark\" aria-hidden=\"true\" tabindex=\"-1\"><img decoding=\"async\" width=\"600\" height=\"600\" src=\"data:image\/gif;base64,R0lGODlhAQABAIAAAAAAAP\/\/\/yH5BAEAAAAALAAAAAABAAEAAAIBRAA7\" data-src=\"https:\/\/biotictuning.com\/wp-content\/uploads\/2020\/07\/Sendero-de-alerces-600x600.jpg?v=1597566487\" class=\"attachment-ab-block-post-grid-square size-ab-block-post-grid-square lazyload\" alt=\"\" data-srcset=\"https:\/\/biotictuning.com\/wp-content\/uploads\/2020\/07\/Sendero-de-alerces-600x600.jpg?v=1597566487 600w, https:\/\/biotictuning.com\/wp-content\/uploads\/2020\/07\/Sendero-de-alerces-530x530.jpg?v=1597566487 530w, https:\/\/biotictuning.com\/wp-content\/uploads\/2020\/07\/Sendero-de-alerces-180x180.jpg?v=1597566487 180w, https:\/\/biotictuning.com\/wp-content\/uploads\/2020\/07\/Sendero-de-alerces-150x150.jpg?v=1597566487 150w, https:\/\/biotictuning.com\/wp-content\/uploads\/2020\/07\/Sendero-de-alerces-80x80.jpg?v=1597566487 80w\" sizes=\"(max-width: 600px) 100vw, 600px\" \/><noscript><img decoding=\"async\" width=\"600\" height=\"600\" src=\"https:\/\/biotictuning.com\/wp-content\/uploads\/2020\/07\/Sendero-de-alerces-600x600.jpg?v=1597566487\" class=\"attachment-ab-block-post-grid-square size-ab-block-post-grid-square lazyload\" alt=\"\" srcset=\"https:\/\/biotictuning.com\/wp-content\/uploads\/2020\/07\/Sendero-de-alerces-600x600.jpg?v=1597566487 600w, https:\/\/biotictuning.com\/wp-content\/uploads\/2020\/07\/Sendero-de-alerces-530x530.jpg?v=1597566487 530w, https:\/\/biotictuning.com\/wp-content\/uploads\/2020\/07\/Sendero-de-alerces-180x180.jpg?v=1597566487 180w, https:\/\/biotictuning.com\/wp-content\/uploads\/2020\/07\/Sendero-de-alerces-150x150.jpg?v=1597566487 150w, https:\/\/biotictuning.com\/wp-content\/uploads\/2020\/07\/Sendero-de-alerces-80x80.jpg?v=1597566487 80w\" sizes=\"(max-width: 600px) 100vw, 600px\" \/><\/noscript><\/a><\/div><div class=\"ab-block-post-grid-text\"><header class=\"ab-block-post-grid-header\"><h3 class=\"ab-block-post-grid-title\"><a href=\"https:\/\/biotictuning.com\/es\/sendero-los-alerces-milenarios\/\" rel=\"bookmark\">Sendero los alerces milenarios<\/a><\/h3><div class=\"ab-block-post-grid-byline\"><\/div><\/header><div class=\"ab-block-post-grid-excerpt\"><p>Un recorrido de unos 3 kil\u00f3metros por un sendero interpretativo muy bello a trav\u00e9s de la exuberante Selva Valdiviana. Aporta un conocimiento muy enriquecedor por&hellip;<\/p>\n<p><a class=\"ab-block-post-grid-more-link ab-text-link\" href=\"https:\/\/biotictuning.com\/es\/sendero-los-alerces-milenarios\/\" rel=\"bookmark\">Contin\u00faa leyendo <span class=\"screen-reader-text\">Sendero los alerces milenarios<\/span><\/a><\/p><\/div><\/div><\/article>\n<article id=\"post-849\" class=\"ab-post-grid-item post-849 post type-post status-publish format-standard has-post-thumbnail category-costa-valdiviana category-experiencias-y-programas-en-la-selva-valdiana category-tours-parques-nacionales-y-reservas-naturales-selva-valdiviana entry\"><div class=\"ab-block-post-grid-image\"><a href=\"https:\/\/biotictuning.com\/es\/punta-curinanco-area-costera-protegida\/\" rel=\"bookmark\" aria-hidden=\"true\" tabindex=\"-1\"><img decoding=\"async\" width=\"600\" height=\"600\" src=\"data:image\/gif;base64,R0lGODlhAQABAIAAAAAAAP\/\/\/yH5BAEAAAAALAAAAAABAAEAAAIBRAA7\" data-src=\"https:\/\/biotictuning.com\/wp-content\/uploads\/2020\/07\/Cartel-Reserva-Punta-Curi\u00f1anco-600x600.jpg?v=1597566487\" class=\"attachment-ab-block-post-grid-square size-ab-block-post-grid-square lazyload\" alt=\"\" data-srcset=\"https:\/\/biotictuning.com\/wp-content\/uploads\/2020\/07\/Cartel-Reserva-Punta-Curi\u00f1anco-600x600.jpg?v=1597566487 600w, https:\/\/biotictuning.com\/wp-content\/uploads\/2020\/07\/Cartel-Reserva-Punta-Curi\u00f1anco-530x530.jpg?v=1597566487 530w, https:\/\/biotictuning.com\/wp-content\/uploads\/2020\/07\/Cartel-Reserva-Punta-Curi\u00f1anco-180x180.jpg?v=1597566487 180w, https:\/\/biotictuning.com\/wp-content\/uploads\/2020\/07\/Cartel-Reserva-Punta-Curi\u00f1anco-720x720.jpg?v=1597566487 720w, https:\/\/biotictuning.com\/wp-content\/uploads\/2020\/07\/Cartel-Reserva-Punta-Curi\u00f1anco-300x300.jpg?v=1597566487 300w, https:\/\/biotictuning.com\/wp-content\/uploads\/2020\/07\/Cartel-Reserva-Punta-Curi\u00f1anco-1024x1024.jpg?v=1597566487 1024w, https:\/\/biotictuning.com\/wp-content\/uploads\/2020\/07\/Cartel-Reserva-Punta-Curi\u00f1anco-150x150.jpg?v=1597566487 150w, https:\/\/biotictuning.com\/wp-content\/uploads\/2020\/07\/Cartel-Reserva-Punta-Curi\u00f1anco-768x768.jpg?v=1597566487 768w, https:\/\/biotictuning.com\/wp-content\/uploads\/2020\/07\/Cartel-Reserva-Punta-Curi\u00f1anco-80x80.jpg?v=1597566487 80w, https:\/\/biotictuning.com\/wp-content\/uploads\/2020\/07\/Cartel-Reserva-Punta-Curi\u00f1anco.jpg?v=1597566487 1300w\" sizes=\"(max-width: 600px) 100vw, 600px\" \/><noscript><img decoding=\"async\" width=\"600\" height=\"600\" src=\"https:\/\/biotictuning.com\/wp-content\/uploads\/2020\/07\/Cartel-Reserva-Punta-Curi\u00f1anco-600x600.jpg?v=1597566487\" class=\"attachment-ab-block-post-grid-square size-ab-block-post-grid-square lazyload\" alt=\"\" srcset=\"https:\/\/biotictuning.com\/wp-content\/uploads\/2020\/07\/Cartel-Reserva-Punta-Curi\u00f1anco-600x600.jpg?v=1597566487 600w, https:\/\/biotictuning.com\/wp-content\/uploads\/2020\/07\/Cartel-Reserva-Punta-Curi\u00f1anco-530x530.jpg?v=1597566487 530w, https:\/\/biotictuning.com\/wp-content\/uploads\/2020\/07\/Cartel-Reserva-Punta-Curi\u00f1anco-180x180.jpg?v=1597566487 180w, https:\/\/biotictuning.com\/wp-content\/uploads\/2020\/07\/Cartel-Reserva-Punta-Curi\u00f1anco-720x720.jpg?v=1597566487 720w, https:\/\/biotictuning.com\/wp-content\/uploads\/2020\/07\/Cartel-Reserva-Punta-Curi\u00f1anco-300x300.jpg?v=1597566487 300w, https:\/\/biotictuning.com\/wp-content\/uploads\/2020\/07\/Cartel-Reserva-Punta-Curi\u00f1anco-1024x1024.jpg?v=1597566487 1024w, https:\/\/biotictuning.com\/wp-content\/uploads\/2020\/07\/Cartel-Reserva-Punta-Curi\u00f1anco-150x150.jpg?v=1597566487 150w, https:\/\/biotictuning.com\/wp-content\/uploads\/2020\/07\/Cartel-Reserva-Punta-Curi\u00f1anco-768x768.jpg?v=1597566487 768w, https:\/\/biotictuning.com\/wp-content\/uploads\/2020\/07\/Cartel-Reserva-Punta-Curi\u00f1anco-80x80.jpg?v=1597566487 80w, https:\/\/biotictuning.com\/wp-content\/uploads\/2020\/07\/Cartel-Reserva-Punta-Curi\u00f1anco.jpg?v=1597566487 1300w\" sizes=\"(max-width: 600px) 100vw, 600px\" \/><\/noscript><\/a><\/div><div class=\"ab-block-post-grid-text\"><header class=\"ab-block-post-grid-header\"><h3 class=\"ab-block-post-grid-title\"><a href=\"https:\/\/biotictuning.com\/es\/punta-curinanco-area-costera-protegida\/\" rel=\"bookmark\">Punta Curi\u00f1anco, \u00e1rea costera protegida<\/a><\/h3><div class=\"ab-block-post-grid-byline\"><\/div><\/header><div class=\"ab-block-post-grid-excerpt\"><p>Una vez m\u00e1s, los amantes de la naturaleza debemos felicitarnos y agradecer a una organizaci\u00f3n privada y no gubernamental la posibilidad de disfrutar de espacios&hellip;<\/p>\n<p><a class=\"ab-block-post-grid-more-link ab-text-link\" href=\"https:\/\/biotictuning.com\/es\/punta-curinanco-area-costera-protegida\/\" rel=\"bookmark\">Contin\u00faa leyendo <span class=\"screen-reader-text\">Punta Curi\u00f1anco, \u00e1rea costera protegida<\/span><\/a><\/p><\/div><\/div><\/article>\n<article id=\"post-841\" class=\"ab-post-grid-item post-841 post type-post status-publish format-standard has-post-thumbnail category-costa-valdiviana category-experiencias-y-programas-en-la-selva-valdiana category-fauna-nativa-de-la-selva-valdiviana category-selva-valdiviana-bosque-lluvioso-del-fin-del-mundo category-tours-parques-nacionales-y-reservas-naturales-selva-valdiviana entry\"><div class=\"ab-block-post-grid-image\"><a href=\"https:\/\/biotictuning.com\/es\/loberia-de-huiro-parque-natural-kaman-mapu-un-espectaculo-imperdible-si-visitas-la-reserva\/\" rel=\"bookmark\" aria-hidden=\"true\" tabindex=\"-1\"><img decoding=\"async\" width=\"600\" height=\"600\" src=\"data:image\/gif;base64,R0lGODlhAQABAIAAAAAAAP\/\/\/yH5BAEAAAAALAAAAAABAAEAAAIBRAA7\" data-src=\"https:\/\/biotictuning.com\/wp-content\/uploads\/2020\/07\/Loberia-de-Huiro-600x600.jpg?v=1597566488\" class=\"attachment-ab-block-post-grid-square size-ab-block-post-grid-square lazyload\" alt=\"\" data-srcset=\"https:\/\/biotictuning.com\/wp-content\/uploads\/2020\/07\/Loberia-de-Huiro-600x600.jpg?v=1597566488 600w, https:\/\/biotictuning.com\/wp-content\/uploads\/2020\/07\/Loberia-de-Huiro-530x530.jpg?v=1597566488 530w, https:\/\/biotictuning.com\/wp-content\/uploads\/2020\/07\/Loberia-de-Huiro-180x180.jpg?v=1597566488 180w, https:\/\/biotictuning.com\/wp-content\/uploads\/2020\/07\/Loberia-de-Huiro-150x150.jpg?v=1597566488 150w, https:\/\/biotictuning.com\/wp-content\/uploads\/2020\/07\/Loberia-de-Huiro-80x80.jpg?v=1597566488 80w\" sizes=\"(max-width: 600px) 100vw, 600px\" \/><noscript><img decoding=\"async\" width=\"600\" height=\"600\" src=\"https:\/\/biotictuning.com\/wp-content\/uploads\/2020\/07\/Loberia-de-Huiro-600x600.jpg?v=1597566488\" class=\"attachment-ab-block-post-grid-square size-ab-block-post-grid-square lazyload\" alt=\"\" srcset=\"https:\/\/biotictuning.com\/wp-content\/uploads\/2020\/07\/Loberia-de-Huiro-600x600.jpg?v=1597566488 600w, https:\/\/biotictuning.com\/wp-content\/uploads\/2020\/07\/Loberia-de-Huiro-530x530.jpg?v=1597566488 530w, https:\/\/biotictuning.com\/wp-content\/uploads\/2020\/07\/Loberia-de-Huiro-180x180.jpg?v=1597566488 180w, https:\/\/biotictuning.com\/wp-content\/uploads\/2020\/07\/Loberia-de-Huiro-150x150.jpg?v=1597566488 150w, https:\/\/biotictuning.com\/wp-content\/uploads\/2020\/07\/Loberia-de-Huiro-80x80.jpg?v=1597566488 80w\" sizes=\"(max-width: 600px) 100vw, 600px\" \/><\/noscript><\/a><\/div><div class=\"ab-block-post-grid-text\"><header class=\"ab-block-post-grid-header\"><h3 class=\"ab-block-post-grid-title\"><a href=\"https:\/\/biotictuning.com\/es\/loberia-de-huiro-parque-natural-kaman-mapu-un-espectaculo-imperdible-si-visitas-la-reserva\/\" rel=\"bookmark\">Lober\u00eda de Huiro, Parque Natural Kama\u00f1 Mapu, un espect\u00e1culo imperdible si visitas la Reserva<\/a><\/h3><div class=\"ab-block-post-grid-byline\"><\/div><\/header><div class=\"ab-block-post-grid-excerpt\"><p>Se trata de uno de los atractivos estrella de la Reserva Costera Valdiviana ya que nos permite disfrutar de una impactante escena a muy poca&hellip;<\/p>\n<p><a class=\"ab-block-post-grid-more-link ab-text-link\" href=\"https:\/\/biotictuning.com\/es\/loberia-de-huiro-parque-natural-kaman-mapu-un-espectaculo-imperdible-si-visitas-la-reserva\/\" rel=\"bookmark\">Contin\u00faa leyendo <span class=\"screen-reader-text\">Lober\u00eda de Huiro, Parque Natural Kama\u00f1 Mapu, un espect\u00e1culo imperdible si visitas la Reserva<\/span><\/a><\/p><\/div><\/div><\/article>\n<article id=\"post-368\" class=\"ab-post-grid-item post-368 post type-post status-publish format-standard has-post-thumbnail category-bosques-antiguos-nativos-de-chile category-costa-valdiviana category-experiencias-y-programas-en-la-selva-valdiana category-fauna-nativa-de-la-selva-valdiviana category-legadoprimario category-plantas-nativas-de-la-selva-valdiviana category-selva-valdiviana-bosque-lluvioso-del-fin-del-mundo category-tours-parques-nacionales-y-reservas-naturales-selva-valdiviana entry\"><div class=\"ab-block-post-grid-image\"><a href=\"https:\/\/biotictuning.com\/es\/la-selva-valdiviana-el-bosque-lluvioso-del-fin-del-mundo\/\" rel=\"bookmark\" aria-hidden=\"true\" tabindex=\"-1\"><img decoding=\"async\" width=\"600\" height=\"600\" src=\"data:image\/gif;base64,R0lGODlhAQABAIAAAAAAAP\/\/\/yH5BAEAAAAALAAAAAABAAEAAAIBRAA7\" data-src=\"https:\/\/biotictuning.com\/wp-content\/uploads\/2020\/05\/Helechos-gigantes-600x600.jpeg?v=1597566504\" class=\"attachment-ab-block-post-grid-square size-ab-block-post-grid-square lazyload\" alt=\"\" data-srcset=\"https:\/\/biotictuning.com\/wp-content\/uploads\/2020\/05\/Helechos-gigantes-600x600.jpeg?v=1597566504 600w, https:\/\/biotictuning.com\/wp-content\/uploads\/2020\/05\/Helechos-gigantes-530x530.jpeg?v=1597566504 530w, https:\/\/biotictuning.com\/wp-content\/uploads\/2020\/05\/Helechos-gigantes-180x180.jpeg?v=1597566504 180w, https:\/\/biotictuning.com\/wp-content\/uploads\/2020\/05\/Helechos-gigantes-150x150.jpeg?v=1597566504 150w, https:\/\/biotictuning.com\/wp-content\/uploads\/2020\/05\/Helechos-gigantes-80x80.jpeg?v=1597566504 80w\" sizes=\"(max-width: 600px) 100vw, 600px\" \/><noscript><img decoding=\"async\" width=\"600\" height=\"600\" src=\"https:\/\/biotictuning.com\/wp-content\/uploads\/2020\/05\/Helechos-gigantes-600x600.jpeg?v=1597566504\" class=\"attachment-ab-block-post-grid-square size-ab-block-post-grid-square lazyload\" alt=\"\" srcset=\"https:\/\/biotictuning.com\/wp-content\/uploads\/2020\/05\/Helechos-gigantes-600x600.jpeg?v=1597566504 600w, https:\/\/biotictuning.com\/wp-content\/uploads\/2020\/05\/Helechos-gigantes-530x530.jpeg?v=1597566504 530w, https:\/\/biotictuning.com\/wp-content\/uploads\/2020\/05\/Helechos-gigantes-180x180.jpeg?v=1597566504 180w, https:\/\/biotictuning.com\/wp-content\/uploads\/2020\/05\/Helechos-gigantes-150x150.jpeg?v=1597566504 150w, https:\/\/biotictuning.com\/wp-content\/uploads\/2020\/05\/Helechos-gigantes-80x80.jpeg?v=1597566504 80w\" sizes=\"(max-width: 600px) 100vw, 600px\" \/><\/noscript><\/a><\/div><div class=\"ab-block-post-grid-text\"><header class=\"ab-block-post-grid-header\"><h3 class=\"ab-block-post-grid-title\"><a href=\"https:\/\/biotictuning.com\/es\/la-selva-valdiviana-el-bosque-lluvioso-del-fin-del-mundo\/\" rel=\"bookmark\">La Selva Valdiviana, el bosque lluvioso del fin del mundo<\/a><\/h3><div class=\"ab-block-post-grid-byline\"><\/div><\/header><div class=\"ab-block-post-grid-excerpt\"><p>Para los amantes de la naturaleza el bosque Valdiviano es lo m\u00e1s parecido al m\u00edtico jard\u00edn del Ed\u00e9n.&nbsp; El bosque Valdiviano, c\u00e1psula del tiempo. https:\/\/youtu.be\/gJ43agj-GrM&hellip;<\/p>\n<p><a class=\"ab-block-post-grid-more-link ab-text-link\" href=\"https:\/\/biotictuning.com\/es\/la-selva-valdiviana-el-bosque-lluvioso-del-fin-del-mundo\/\" rel=\"bookmark\">Contin\u00faa leyendo <span class=\"screen-reader-text\">La Selva Valdiviana, el bosque lluvioso del fin del mundo<\/span><\/a><\/p><\/div><\/div><\/article>\n<article id=\"post-125\" class=\"ab-post-grid-item post-125 post type-post status-publish format-standard has-post-thumbnail category-bosques-antiguos-nativos-de-chile category-costa-valdiviana category-fauna-nativa-de-la-selva-valdiviana category-plantas-nativas-de-la-selva-valdiviana category-selva-valdiviana-bosque-lluvioso-del-fin-del-mundo entry\"><div class=\"ab-block-post-grid-image\"><a href=\"https:\/\/biotictuning.com\/es\/biodiversidad\/\" rel=\"bookmark\" aria-hidden=\"true\" tabindex=\"-1\"><img decoding=\"async\" width=\"600\" height=\"600\" src=\"data:image\/gif;base64,R0lGODlhAQABAIAAAAAAAP\/\/\/yH5BAEAAAAALAAAAAABAAEAAAIBRAA7\" data-src=\"https:\/\/biotictuning.com\/wp-content\/uploads\/2020\/01\/reserva-costera-valdiviana-13-600x600.jpeg?v=1597566524\" class=\"attachment-ab-block-post-grid-square size-ab-block-post-grid-square lazyload\" alt=\"\" data-srcset=\"https:\/\/biotictuning.com\/wp-content\/uploads\/2020\/01\/reserva-costera-valdiviana-13-600x600.jpeg?v=1597566524 600w, https:\/\/biotictuning.com\/wp-content\/uploads\/2020\/01\/reserva-costera-valdiviana-13-530x530.jpeg?v=1597566524 530w, https:\/\/biotictuning.com\/wp-content\/uploads\/2020\/01\/reserva-costera-valdiviana-13-180x180.jpeg?v=1597566524 180w, https:\/\/biotictuning.com\/wp-content\/uploads\/2020\/01\/reserva-costera-valdiviana-13-720x720.jpeg?v=1597566524 720w, https:\/\/biotictuning.com\/wp-content\/uploads\/2020\/01\/reserva-costera-valdiviana-13-300x300.jpeg?v=1597566524 300w, https:\/\/biotictuning.com\/wp-content\/uploads\/2020\/01\/reserva-costera-valdiviana-13-1024x1024.jpeg?v=1597566524 1024w, https:\/\/biotictuning.com\/wp-content\/uploads\/2020\/01\/reserva-costera-valdiviana-13-150x150.jpeg?v=1597566524 150w, https:\/\/biotictuning.com\/wp-content\/uploads\/2020\/01\/reserva-costera-valdiviana-13-768x768.jpeg?v=1597566524 768w, https:\/\/biotictuning.com\/wp-content\/uploads\/2020\/01\/reserva-costera-valdiviana-13-1536x1536.jpeg?v=1597566524 1536w, https:\/\/biotictuning.com\/wp-content\/uploads\/2020\/01\/reserva-costera-valdiviana-13-80x80.jpeg?v=1597566524 80w, https:\/\/biotictuning.com\/wp-content\/uploads\/2020\/01\/reserva-costera-valdiviana-13.jpeg?v=1597566524 1600w\" sizes=\"(max-width: 600px) 100vw, 600px\" \/><noscript><img decoding=\"async\" width=\"600\" height=\"600\" src=\"https:\/\/biotictuning.com\/wp-content\/uploads\/2020\/01\/reserva-costera-valdiviana-13-600x600.jpeg?v=1597566524\" class=\"attachment-ab-block-post-grid-square size-ab-block-post-grid-square lazyload\" alt=\"\" srcset=\"https:\/\/biotictuning.com\/wp-content\/uploads\/2020\/01\/reserva-costera-valdiviana-13-600x600.jpeg?v=1597566524 600w, https:\/\/biotictuning.com\/wp-content\/uploads\/2020\/01\/reserva-costera-valdiviana-13-530x530.jpeg?v=1597566524 530w, https:\/\/biotictuning.com\/wp-content\/uploads\/2020\/01\/reserva-costera-valdiviana-13-180x180.jpeg?v=1597566524 180w, https:\/\/biotictuning.com\/wp-content\/uploads\/2020\/01\/reserva-costera-valdiviana-13-720x720.jpeg?v=1597566524 720w, https:\/\/biotictuning.com\/wp-content\/uploads\/2020\/01\/reserva-costera-valdiviana-13-300x300.jpeg?v=1597566524 300w, https:\/\/biotictuning.com\/wp-content\/uploads\/2020\/01\/reserva-costera-valdiviana-13-1024x1024.jpeg?v=1597566524 1024w, https:\/\/biotictuning.com\/wp-content\/uploads\/2020\/01\/reserva-costera-valdiviana-13-150x150.jpeg?v=1597566524 150w, https:\/\/biotictuning.com\/wp-content\/uploads\/2020\/01\/reserva-costera-valdiviana-13-768x768.jpeg?v=1597566524 768w, https:\/\/biotictuning.com\/wp-content\/uploads\/2020\/01\/reserva-costera-valdiviana-13-1536x1536.jpeg?v=1597566524 1536w, https:\/\/biotictuning.com\/wp-content\/uploads\/2020\/01\/reserva-costera-valdiviana-13-80x80.jpeg?v=1597566524 80w, https:\/\/biotictuning.com\/wp-content\/uploads\/2020\/01\/reserva-costera-valdiviana-13.jpeg?v=1597566524 1600w\" sizes=\"(max-width: 600px) 100vw, 600px\" \/><\/noscript><\/a><\/div><div class=\"ab-block-post-grid-text\"><header class=\"ab-block-post-grid-header\"><h3 class=\"ab-block-post-grid-title\"><a href=\"https:\/\/biotictuning.com\/es\/biodiversidad\/\" rel=\"bookmark\">Biodiversidad de la Ecorregi\u00f3n Bosque Valdiviano<\/a><\/h3><div class=\"ab-block-post-grid-byline\"><\/div><\/header><div class=\"ab-block-post-grid-excerpt\"><p>El bosque templado valdiviano, es una regi\u00f3n biogeogr\u00e1fica considerada como uno de los 35 puntos calientes de biodiversidad m\u00e1s importante del planeta por el elevado&hellip;<\/p>\n<p><a class=\"ab-block-post-grid-more-link ab-text-link\" href=\"https:\/\/biotictuning.com\/es\/biodiversidad\/\" rel=\"bookmark\">Contin\u00faa leyendo <span class=\"screen-reader-text\">Biodiversidad de la Ecorregi\u00f3n Bosque Valdiviano<\/span><\/a><\/p><\/div><\/div><\/article>\n<article id=\"post-405\" class=\"ab-post-grid-item post-405 post type-post status-publish format-standard has-post-thumbnail category-plantas-nativas-de-la-selva-valdiviana category-selva-valdiviana-bosque-lluvioso-del-fin-del-mundo entry\"><div class=\"ab-block-post-grid-image\"><a href=\"https:\/\/biotictuning.com\/es\/el-olivillo-pilar-fundamental-del-bosque-lluvioso-de-la-costa-valdiviana\/\" rel=\"bookmark\" aria-hidden=\"true\" tabindex=\"-1\"><img decoding=\"async\" width=\"600\" height=\"600\" src=\"data:image\/gif;base64,R0lGODlhAQABAIAAAAAAAP\/\/\/yH5BAEAAAAALAAAAAABAAEAAAIBRAA7\" data-src=\"https:\/\/biotictuning.com\/wp-content\/uploads\/2020\/05\/sendero-costa-1-600x600.jpg?v=1597566500\" class=\"attachment-ab-block-post-grid-square size-ab-block-post-grid-square lazyload\" alt=\"\" data-srcset=\"https:\/\/biotictuning.com\/wp-content\/uploads\/2020\/05\/sendero-costa-1-600x600.jpg?v=1597566500 600w, https:\/\/biotictuning.com\/wp-content\/uploads\/2020\/05\/sendero-costa-1-530x530.jpg?v=1597566500 530w, https:\/\/biotictuning.com\/wp-content\/uploads\/2020\/05\/sendero-costa-1-180x180.jpg?v=1597566500 180w, https:\/\/biotictuning.com\/wp-content\/uploads\/2020\/05\/sendero-costa-1-150x150.jpg?v=1597566500 150w, https:\/\/biotictuning.com\/wp-content\/uploads\/2020\/05\/sendero-costa-1-80x80.jpg?v=1597566500 80w\" sizes=\"(max-width: 600px) 100vw, 600px\" \/><noscript><img decoding=\"async\" width=\"600\" height=\"600\" src=\"https:\/\/biotictuning.com\/wp-content\/uploads\/2020\/05\/sendero-costa-1-600x600.jpg?v=1597566500\" class=\"attachment-ab-block-post-grid-square size-ab-block-post-grid-square lazyload\" alt=\"\" srcset=\"https:\/\/biotictuning.com\/wp-content\/uploads\/2020\/05\/sendero-costa-1-600x600.jpg?v=1597566500 600w, https:\/\/biotictuning.com\/wp-content\/uploads\/2020\/05\/sendero-costa-1-530x530.jpg?v=1597566500 530w, https:\/\/biotictuning.com\/wp-content\/uploads\/2020\/05\/sendero-costa-1-180x180.jpg?v=1597566500 180w, https:\/\/biotictuning.com\/wp-content\/uploads\/2020\/05\/sendero-costa-1-150x150.jpg?v=1597566500 150w, https:\/\/biotictuning.com\/wp-content\/uploads\/2020\/05\/sendero-costa-1-80x80.jpg?v=1597566500 80w\" sizes=\"(max-width: 600px) 100vw, 600px\" \/><\/noscript><\/a><\/div><div class=\"ab-block-post-grid-text\"><header class=\"ab-block-post-grid-header\"><h3 class=\"ab-block-post-grid-title\"><a href=\"https:\/\/biotictuning.com\/es\/el-olivillo-pilar-fundamental-del-bosque-lluvioso-de-la-costa-valdiviana\/\" rel=\"bookmark\">El olivillo, pilar fundamental del bosque lluvioso de la costa valdiviana<\/a><\/h3><div class=\"ab-block-post-grid-byline\"><\/div><\/header><div class=\"ab-block-post-grid-excerpt\"><p>El olivillo (Aextoxicaceae Punctatum), que en lengua nativa mapuche (mapudungun) se denomina T\u00fcke, tambi\u00e9n es conocido como aceitunillo. El nombre m\u00e1s com\u00fanmente utilizado, &#8220;olivillo&#8221;, le&hellip;<\/p>\n<p><a class=\"ab-block-post-grid-more-link ab-text-link\" href=\"https:\/\/biotictuning.com\/es\/el-olivillo-pilar-fundamental-del-bosque-lluvioso-de-la-costa-valdiviana\/\" rel=\"bookmark\">Contin\u00faa leyendo <span class=\"screen-reader-text\">El olivillo, pilar fundamental del bosque lluvioso de la costa valdiviana<\/span><\/a><\/p><\/div><\/div><\/article>\n<article id=\"post-19\" class=\"ab-post-grid-item post-19 post type-post status-publish format-standard has-post-thumbnail category-costa-valdiviana category-selva-valdiviana-bosque-lluvioso-del-fin-del-mundo entry\"><div class=\"ab-block-post-grid-image\"><a href=\"https:\/\/biotictuning.com\/es\/reserva-costera-valdiviana\/\" rel=\"bookmark\" aria-hidden=\"true\" tabindex=\"-1\"><img decoding=\"async\" width=\"600\" height=\"600\" src=\"data:image\/gif;base64,R0lGODlhAQABAIAAAAAAAP\/\/\/yH5BAEAAAAALAAAAAABAAEAAAIBRAA7\" data-src=\"https:\/\/biotictuning.com\/wp-content\/uploads\/2020\/01\/reserva-costera-valdiviana-19-600x600.jpeg?v=1597566520\" class=\"attachment-ab-block-post-grid-square size-ab-block-post-grid-square lazyload\" alt=\"\" data-srcset=\"https:\/\/biotictuning.com\/wp-content\/uploads\/2020\/01\/reserva-costera-valdiviana-19-600x600.jpeg?v=1597566520 600w, https:\/\/biotictuning.com\/wp-content\/uploads\/2020\/01\/reserva-costera-valdiviana-19-530x530.jpeg?v=1597566520 530w, https:\/\/biotictuning.com\/wp-content\/uploads\/2020\/01\/reserva-costera-valdiviana-19-180x180.jpeg?v=1597566520 180w, https:\/\/biotictuning.com\/wp-content\/uploads\/2020\/01\/reserva-costera-valdiviana-19-150x150.jpeg?v=1597566520 150w, https:\/\/biotictuning.com\/wp-content\/uploads\/2020\/01\/reserva-costera-valdiviana-19-80x80.jpeg?v=1597566520 80w\" sizes=\"(max-width: 600px) 100vw, 600px\" \/><noscript><img decoding=\"async\" width=\"600\" height=\"600\" src=\"https:\/\/biotictuning.com\/wp-content\/uploads\/2020\/01\/reserva-costera-valdiviana-19-600x600.jpeg?v=1597566520\" class=\"attachment-ab-block-post-grid-square size-ab-block-post-grid-square lazyload\" alt=\"\" srcset=\"https:\/\/biotictuning.com\/wp-content\/uploads\/2020\/01\/reserva-costera-valdiviana-19-600x600.jpeg?v=1597566520 600w, https:\/\/biotictuning.com\/wp-content\/uploads\/2020\/01\/reserva-costera-valdiviana-19-530x530.jpeg?v=1597566520 530w, https:\/\/biotictuning.com\/wp-content\/uploads\/2020\/01\/reserva-costera-valdiviana-19-180x180.jpeg?v=1597566520 180w, https:\/\/biotictuning.com\/wp-content\/uploads\/2020\/01\/reserva-costera-valdiviana-19-150x150.jpeg?v=1597566520 150w, https:\/\/biotictuning.com\/wp-content\/uploads\/2020\/01\/reserva-costera-valdiviana-19-80x80.jpeg?v=1597566520 80w\" sizes=\"(max-width: 600px) 100vw, 600px\" \/><\/noscript><\/a><\/div><div class=\"ab-block-post-grid-text\"><header class=\"ab-block-post-grid-header\"><h3 class=\"ab-block-post-grid-title\"><a href=\"https:\/\/biotictuning.com\/es\/reserva-costera-valdiviana\/\" rel=\"bookmark\">Reserva Costera Valdiviana<\/a><\/h3><div class=\"ab-block-post-grid-byline\"><\/div><\/header><div class=\"ab-block-post-grid-excerpt\"><p>Reserva Costera Valdiviana \u00a1Disfruta de todo en un s\u00f3lo lugar! En la Reserva Costera Valdiviana, una de las joyas de la Selva Valdiviana, a\u00fan es&hellip;<\/p>\n<p><a class=\"ab-block-post-grid-more-link ab-text-link\" href=\"https:\/\/biotictuning.com\/es\/reserva-costera-valdiviana\/\" rel=\"bookmark\">Contin\u00faa leyendo <span class=\"screen-reader-text\">Reserva Costera Valdiviana<\/span><\/a><\/p><\/div><\/div><\/article>\n<\/div><\/section>","protected":false},"excerpt":{"rendered":"","protected":false},"author":1,"featured_media":0,"parent":0,"menu_order":24,"comment_status":"closed","ping_status":"closed","template":"","meta":{"_genesis_hide_title":false,"_genesis_hide_breadcrumbs":false,"_genesis_hide_singular_image":false,"_genesis_hide_footer_widgets":false,"_genesis_custom_body_class":"","_genesis_custom_post_class":"","_genesis_layout":"","footnotes":""},"class_list":{"0":"post-114","1":"page","2":"type-page","3":"status-publish","5":"entry"},"featured_image_src":null,"featured_image_src_square":null,"_links":{"self":[{"href":"https:\/\/biotictuning.com\/es\/wp-json\/wp\/v2\/pages\/114","targetHints":{"allow":["GET"]}}],"collection":[{"href":"https:\/\/biotictuning.com\/es\/wp-json\/wp\/v2\/pages"}],"about":[{"href":"https:\/\/biotictuning.com\/es\/wp-json\/wp\/v2\/types\/page"}],"author":[{"embeddable":true,"href":"https:\/\/biotictuning.com\/es\/wp-json\/wp\/v2\/users\/1"}],"replies":[{"embeddable":true,"href":"https:\/\/biotictuning.com\/es\/wp-json\/wp\/v2\/comments?post=114"}],"version-history":[{"count":2,"href":"https:\/\/biotictuning.com\/es\/wp-json\/wp\/v2\/pages\/114\/revisions"}],"predecessor-version":[{"id":1804,"href":"https:\/\/biotictuning.com\/es\/wp-json\/wp\/v2\/pages\/114\/revisions\/1804"}],"wp:attachment":[{"href":"https:\/\/biotictuning.com\/es\/wp-json\/wp\/v2\/media?parent=114"}],"curies":[{"name":"wp","href":"https:\/\/api.w.org\/{rel}","templated":true}]}}