{"id":6,"date":"2019-12-14T09:53:29","date_gmt":"2019-12-14T09:53:29","guid":{"rendered":"https:\/\/tiendastm.com\/biotictunning\/homepage\/"},"modified":"2021-12-05T09:05:13","modified_gmt":"2021-12-05T12:05:13","slug":"homepage","status":"publish","type":"page","link":"https:\/\/biotictuning.com\/es\/","title":{"rendered":"Sinton\u00eda Bi\u00f3tica"},"content":{"rendered":"<div style=\"background-color:#000000;padding-left:8%;padding-right:8%;padding-bottom:30%;padding-top:30%\" class=\"wp-block-atomic-blocks-ab-container narrow-content light-text ab-block-container alignfull\"><div class=\"ab-container-inside\"><div class=\"ab-container-image-wrap\"><img decoding=\"async\" class=\"ab-container-image has-background-dim-100 has-background-dim lazyload\" src=\"data:image\/gif;base64,R0lGODlhAQABAIAAAAAAAP\/\/\/yH5BAEAAAAALAAAAAABAAEAAAIBRAA7\" data-src=\"http:\/\/biotictuning.com\/wp-content\/uploads\/2020\/07\/Valdivian-ancient-rainforest.jpeg\" alt=\"\"\/><noscript><img decoding=\"async\" class=\"ab-container-image has-background-dim-100 has-background-dim lazyload\" src=\"http:\/\/biotictuning.com\/wp-content\/uploads\/2020\/07\/Valdivian-ancient-rainforest.jpeg\" alt=\"\"\/><\/noscript><\/div><div class=\"ab-container-content\" style=\"max-width:1200px\"><h1 class=\"has-text-align-left bold-heading-text fade-in-up wp-block-heading\">Ecorregi\u00f3n Bosque Valdiviano<\/h1>\n\n<h2 class=\"wp-block-heading\"><strong>Ven a descubrir con nosotros la Selva Valdiviana<\/strong><\/h2><\/div><\/div><\/div><div style=\"padding-left:8%;padding-right:8%;padding-bottom:10%;padding-top:10%\" class=\"wp-block-atomic-blocks-ab-container ab-block-container alignfull\"><div class=\"ab-container-inside\"><div class=\"ab-container-content\" style=\"max-width:1200px\"><div class=\"wp-block-atomic-blocks-ab-columns ab-layout-columns-2 ab-2-col-equal\"><div class=\"ab-layout-column-wrap ab-block-layout-column-gap-2 ab-is-responsive-column\"><div class=\"wp-block-atomic-blocks-ab-column ab-block-layout-column\"><div class=\"ab-block-layout-column-inner\"><div style=\"background-color:#259600;text-align:center\" class=\"wp-block-atomic-blocks-ab-cta ab-block-cta\"><div class=\"ab-cta-content\"><h2 class=\"ab-cta-title ab-font-size-32\" style=\"color:#ffffff\">Tours y Excursiones medio d\u00eda cerca Valdivia<\/h2><div class=\"ab-cta-text ab-font-size-32\" style=\"color:#ffffff\"><p><strong>Tour Punta Curi\u00f1anco, conoce un bosque sagrado ancestral<\/strong><\/p><\/div><\/div><div class=\"ab-cta-button\"><a href=\"https:\/\/biotictuning.com\/es\/tours-y-excursiones-medio-dia\/\" target=\"_self\" rel=\"noopener noreferrer\" class=\"ab-button ab-button-shape-rounded ab-button-size-medium\" style=\"color:#ffffff;background-color:#3373dc\">Tours Y EXCURSIONES medio d\u00eda<\/a><\/div><\/div>\n\n<p><\/p><\/div><\/div>\n\n<div class=\"wp-block-atomic-blocks-ab-column ab-block-layout-column\"><div class=\"ab-block-layout-column-inner\"><div style=\"background-color:#259600;text-align:center\" class=\"wp-block-atomic-blocks-ab-cta ab-block-cta\"><div class=\"ab-cta-content\"><h2 class=\"ab-cta-title ab-font-size-32\" style=\"color:#ffffff\">Tour 1 d\u00eda Reserva Costera Valdiviana Premium Tour<\/h2><div class=\"ab-cta-text ab-font-size-32\" style=\"color:#ffffff\"><p><strong>Lo mejor de la Reserva Costera Valdiviana<\/strong>\u00a0en 1 d\u00eda<\/p><\/div><\/div><div class=\"ab-cta-button\"><a href=\"https:\/\/biotictuning.com\/es\/tours-de-1-dia-cerca-de-valdivia\/\" target=\"_self\" rel=\"noopener noreferrer\" class=\"ab-button ab-button-shape-rounded ab-button-size-medium\" style=\"color:#ffffff;background-color:#3373dc\">TOUR RESERVA COSTERA VALDIVIANA<\/a><\/div><\/div>\n\n<p><\/p><\/div><\/div><\/div><\/div>\n\n<h2 class=\"bold-text fade-in-up wp-block-heading\">Un viaje inolvidable<\/h2>\n\n<blockquote class=\"wp-block-quote is-style-large is-layout-flow wp-block-quote-is-layout-flow\"><p>Playas salvajes, bosques antiguos, naturaleza en estado puro&#8230; El ecosistema perfecto para vivir experiencias \u00fanicas y gozar de una <strong>incre\u00edble<\/strong> <strong>sensaci\u00f3n de vitalidad<\/strong> <strong>y bienestar<\/strong><\/p><\/blockquote>\n\n<p class=\"has-large-font-size\">Vamos a sumergirnos en un aut\u00e9ntico para\u00edso natural. Recorreremos bosques con \u00e1rboles de cientos y miles de a\u00f1os, comeremos los alimentos que nos brinda la naturaleza, beberemos del agua pura de los arroyos, nos ba\u00f1aremos en lagunas y playas v\u00edrgenes y al anochecer contemplaremos las estrellas.<\/p>\n\n<div style=\"text-align:center\" class=\"wp-block-atomic-blocks-ab-cta ab-block-cta ab-font-size-24\"><div class=\"ab-cta-image-wrap\"><img decoding=\"async\" class=\"ab-cta-image has-background-dim-100 has-background-dim lazyload\" src=\"data:image\/gif;base64,R0lGODlhAQABAIAAAAAAAP\/\/\/yH5BAEAAAAALAAAAAABAAEAAAIBRAA7\" data-src=\"http:\/\/biotictuning.com\/wp-content\/uploads\/2020\/01\/reserva-costera-valdiviana-39.jpeg\" alt=\"\"\/><noscript><img decoding=\"async\" class=\"ab-cta-image has-background-dim-100 has-background-dim lazyload\" src=\"http:\/\/biotictuning.com\/wp-content\/uploads\/2020\/01\/reserva-costera-valdiviana-39.jpeg\" alt=\"\"\/><\/noscript><\/div><div class=\"ab-cta-content\"><h2 class=\"ab-cta-title ab-font-size-32\" style=\"color:#f2f6fb\">Tour Selva Valdiviana 360\u00ba \u2013 Inmersi\u00f3n total \u2013 3 noches \/ 4 d\u00edas<\/h2><div class=\"ab-cta-text ab-font-size-32\" style=\"color:#f2f6fb\"><p><strong>Descubre las playas, cascadas y bosques antiguos de la Selva Valdiviana<\/strong><\/p><p>Incluye: transporte desde la ciudad de Valdivia hasta el campamento base (y la vuelta). Guia privado, entradas a reservas y parques naturales privados, todos los desplazamientos dentro del \u00e1rea de exploraci\u00f3n, alojamiento y todas las comidas.<\/p><\/div><\/div><div class=\"ab-cta-button\"><a href=\"https:\/\/biotictuning.com\/es\/producto\/selva-valdiviana-360o-inmersion-total-3-noches-4-dias\/\" target=\"_self\" rel=\"noopener noreferrer\" class=\"ab-button ab-button-shape-rounded ab-button-size-large\" style=\"color:#ffffff;background-color:#259600\">TOUR 4 DIAS<\/a><\/div><\/div>\n\n<p class=\"has-large-font-size\">En la&nbsp;<strong>Selva Valdiviana: el bosque tropical templado del fin del mundo<\/strong>, te facilitamos las condiciones para que puedas entrar en<strong> <a href=\"https:\/\/biotictuning.com\/es\/la-filosofia-del-cambio\/\">sinton\u00eda bi\u00f3tica<\/a><\/strong> y salgas de la experiencia a\u00fan m\u00e1s consciente. Entre todos, podemos co crear un mundo m\u00e1s arm\u00f3nico y mejor conectado con la verdadera realidad.<\/p><\/div><\/div><\/div><div style=\"background-color:#000000;padding-left:8%;padding-right:8%;padding-bottom:15%;padding-top:15%\" class=\"wp-block-atomic-blocks-ab-container light-text ab-block-container alignfull\"><div class=\"ab-container-inside\"><div class=\"ab-container-image-wrap\"><img decoding=\"async\" class=\"ab-container-image has-background-dim-80 has-background-dim lazyload\" src=\"data:image\/gif;base64,R0lGODlhAQABAIAAAAAAAP\/\/\/yH5BAEAAAAALAAAAAABAAEAAAIBRAA7\" data-src=\"http:\/\/biotictuning.com\/wp-content\/uploads\/2020\/01\/reserva-costera-valdiviana-30.jpeg\" alt=\"\"\/><noscript><img decoding=\"async\" class=\"ab-container-image has-background-dim-80 has-background-dim lazyload\" src=\"http:\/\/biotictuning.com\/wp-content\/uploads\/2020\/01\/reserva-costera-valdiviana-30.jpeg\" alt=\"\"\/><\/noscript><\/div><div class=\"ab-container-content\" style=\"max-width:1200px\"><h2 class=\"has-text-align-left bold-text fade-in-up wp-block-heading\"><strong>R<\/strong>\u00edo Chaihuin, sur de Chile<\/h2>\n\n<h2 class=\"wp-block-heading\">Escapa, afina cuerpo y alma, goza el momento!<\/h2>\n\n<hr class=\"wp-block-separator is-style-default fade-in-up\"\/>\n\n<div class=\"wp-block-columns are-vertically-aligned-top has-6-columns fade-in-up brand-logos is-layout-flex wp-container-core-columns-is-layout-1 wp-block-columns-is-layout-flex\"><div class=\"wp-block-column is-vertically-aligned-top is-layout-flow wp-block-column-is-layout-flow\"><p class=\"has-larger-font-size\"><strong><em>Aqu\u00ed es m\u00e1s f\u00e1cil silenciar la mente <\/em><\/strong><\/p><\/div>\n\n<div class=\"wp-block-column is-vertically-aligned-top is-layout-flow wp-block-column-is-layout-flow\"><p class=\"has-larger-font-size\"><strong><em>Alcanzar estados de paz y presencia totales<\/em><\/strong><\/p><\/div>\n\n<div class=\"wp-block-column is-vertically-aligned-top is-layout-flow wp-block-column-is-layout-flow\"><p class=\"has-larger-font-size\"><strong><em>Disfrutar del misterio de estar vivo!&nbsp;<\/em><\/strong><\/p><\/div><\/div><\/div><\/div><\/div><div style=\"padding-left:8%;padding-right:8%;padding-bottom:2%;padding-top:10%\" class=\"wp-block-atomic-blocks-ab-container ab-block-container alignfull\"><div class=\"ab-container-inside\"><div class=\"ab-container-content\" style=\"max-width:1200px\"><h2 class=\"bold-text fade-in-up wp-block-heading\">\u00bfQuieres disfrutar de entornos naturales v\u00edrgenes?<\/h2>\n\n<blockquote class=\"wp-block-quote is-style-large is-layout-flow wp-block-quote-is-layout-flow\"><p>Dise\u00f1amos y desarrollamos estas experiencias con personas nativas que conocen cada rinc\u00f3n de la&nbsp;<strong>ecorregi\u00f3n del Bosque Valdiviano<\/strong>&nbsp;como la palma de su mano.&nbsp;<\/p><\/blockquote>\n\n<p class=\"has-large-font-size\">Te llevamos a lugares realmente m\u00e1gicos y dif\u00edciles de encontrar que muy poca gente conoce. All\u00ed te vamos a mostrar c\u00f3mo se manifiesta la naturaleza en su estado m\u00e1s puro y en sus distintas facetas: playas, r\u00edos, bosques antiguos, lagunas&#8230; Y, lo m\u00e1s importante, te vamos a presentar a seres maravillosos y sabios de cientos e incluso miles de a\u00f1os de edad que te ayudar\u00e1n a <strong>sintonizar con la armon\u00eda de la naturaleza<\/strong>.<\/p>\n\n<hr class=\"wp-block-separator fade-in-up\"\/>\n\n<div style=\"color:#ddd\" class=\"wp-block-atomic-blocks-ab-spacer ab-block-spacer ab-divider-solid ab-divider-size-1\"><hr style=\"height:30px\"\/><\/div>\n\n<section class=\"ab-block-post-grid featuredpost aligncenter\"><div class=\"ab-post-grid-items is-grid columns-2\"><article id=\"post-1313\" class=\"ab-post-grid-item post-1313 post type-post status-publish format-standard has-post-thumbnail category-bosques-antiguos-nativos-de-chile category-legadoprimario category-selva-valdiviana-bosque-lluvioso-del-fin-del-mundo category-sintonia-biotica entry\"><div class=\"ab-block-post-grid-image\"><a href=\"https:\/\/biotictuning.com\/es\/los-bosques-primarios-son-insustituibles-irreemplazables-y-los-mas-valiosos-para-el-ser-humano\/\" rel=\"bookmark\" aria-hidden=\"true\" tabindex=\"-1\"><img decoding=\"async\" width=\"600\" height=\"600\" src=\"data:image\/gif;base64,R0lGODlhAQABAIAAAAAAAP\/\/\/yH5BAEAAAAALAAAAAABAAEAAAIBRAA7\" data-src=\"https:\/\/biotictuning.com\/wp-content\/uploads\/2021\/05\/Old-growth-forest-Reserva-Costera-Valdiviana-biotictuning-1-600x600.jpeg\" class=\"attachment-ab-block-post-grid-square size-ab-block-post-grid-square lazyload\" alt=\"Bosque primario de la Reserva Costera Valdiviana\" data-srcset=\"https:\/\/biotictuning.com\/wp-content\/uploads\/2021\/05\/Old-growth-forest-Reserva-Costera-Valdiviana-biotictuning-1-600x600.jpeg 600w, https:\/\/biotictuning.com\/wp-content\/uploads\/2021\/05\/Old-growth-forest-Reserva-Costera-Valdiviana-biotictuning-1-150x150.jpeg 150w, https:\/\/biotictuning.com\/wp-content\/uploads\/2021\/05\/Old-growth-forest-Reserva-Costera-Valdiviana-biotictuning-1-80x80.jpeg 80w, https:\/\/biotictuning.com\/wp-content\/uploads\/2021\/05\/Old-growth-forest-Reserva-Costera-Valdiviana-biotictuning-1-530x530.jpeg 530w, https:\/\/biotictuning.com\/wp-content\/uploads\/2021\/05\/Old-growth-forest-Reserva-Costera-Valdiviana-biotictuning-1-180x180.jpeg 180w\" sizes=\"(max-width: 600px) 100vw, 600px\" \/><noscript><img decoding=\"async\" width=\"600\" height=\"600\" src=\"https:\/\/biotictuning.com\/wp-content\/uploads\/2021\/05\/Old-growth-forest-Reserva-Costera-Valdiviana-biotictuning-1-600x600.jpeg\" class=\"attachment-ab-block-post-grid-square size-ab-block-post-grid-square lazyload\" alt=\"Bosque primario de la Reserva Costera Valdiviana\" srcset=\"https:\/\/biotictuning.com\/wp-content\/uploads\/2021\/05\/Old-growth-forest-Reserva-Costera-Valdiviana-biotictuning-1-600x600.jpeg 600w, https:\/\/biotictuning.com\/wp-content\/uploads\/2021\/05\/Old-growth-forest-Reserva-Costera-Valdiviana-biotictuning-1-150x150.jpeg 150w, https:\/\/biotictuning.com\/wp-content\/uploads\/2021\/05\/Old-growth-forest-Reserva-Costera-Valdiviana-biotictuning-1-80x80.jpeg 80w, https:\/\/biotictuning.com\/wp-content\/uploads\/2021\/05\/Old-growth-forest-Reserva-Costera-Valdiviana-biotictuning-1-530x530.jpeg 530w, https:\/\/biotictuning.com\/wp-content\/uploads\/2021\/05\/Old-growth-forest-Reserva-Costera-Valdiviana-biotictuning-1-180x180.jpeg 180w\" sizes=\"(max-width: 600px) 100vw, 600px\" \/><\/noscript><\/a><\/div><div class=\"ab-block-post-grid-text\"><header class=\"ab-block-post-grid-header\"><h3 class=\"ab-block-post-grid-title\"><a href=\"https:\/\/biotictuning.com\/es\/los-bosques-primarios-son-insustituibles-irreemplazables-y-los-mas-valiosos-para-el-ser-humano\/\" rel=\"bookmark\">Los bosques primarios son insustituibles, irremplazables y los m\u00e1s valiosos para el ser humano<\/a><\/h3><div class=\"ab-block-post-grid-byline\"><\/div><\/header><div class=\"ab-block-post-grid-excerpt\"><p>Si verdaderamente queremos hacer honor al nombre que nos hemos dado los sapiens sapiens, los sabios, sabios. Y acabar con problemas como la escasez de agua y alimentos, el cambio clim\u00e1tico, las enfermedades, la&hellip;<\/p>\n<p><a class=\"ab-block-post-grid-more-link ab-text-link\" href=\"https:\/\/biotictuning.com\/es\/los-bosques-primarios-son-insustituibles-irreemplazables-y-los-mas-valiosos-para-el-ser-humano\/\" rel=\"bookmark\">Contin\u00faa leyendo <span class=\"screen-reader-text\">Los bosques primarios son insustituibles, irremplazables y los m\u00e1s valiosos para el ser humano<\/span><\/a><\/p><\/div><\/div><\/article>\n<article id=\"post-859\" class=\"ab-post-grid-item post-859 post type-post status-publish format-standard has-post-thumbnail category-costa-valdiviana category-experiencias-y-programas-en-la-selva-valdiana category-tours-parques-nacionales-y-reservas-naturales-selva-valdiviana entry\"><div class=\"ab-block-post-grid-image\"><a href=\"https:\/\/biotictuning.com\/es\/sendero-los-colmillos-de-chaihuin\/\" rel=\"bookmark\" aria-hidden=\"true\" tabindex=\"-1\"><img decoding=\"async\" width=\"600\" height=\"600\" src=\"data:image\/gif;base64,R0lGODlhAQABAIAAAAAAAP\/\/\/yH5BAEAAAAALAAAAAABAAEAAAIBRAA7\" data-src=\"https:\/\/biotictuning.com\/wp-content\/uploads\/2020\/07\/Ocaso-colmillos-de-chaihuin-3-600x600.jpeg?v=1597566492\" class=\"attachment-ab-block-post-grid-square size-ab-block-post-grid-square lazyload\" alt=\"\" data-srcset=\"https:\/\/biotictuning.com\/wp-content\/uploads\/2020\/07\/Ocaso-colmillos-de-chaihuin-3-600x600.jpeg?v=1597566492 600w, https:\/\/biotictuning.com\/wp-content\/uploads\/2020\/07\/Ocaso-colmillos-de-chaihuin-3-530x530.jpeg?v=1597566492 530w, https:\/\/biotictuning.com\/wp-content\/uploads\/2020\/07\/Ocaso-colmillos-de-chaihuin-3-180x180.jpeg?v=1597566492 180w, https:\/\/biotictuning.com\/wp-content\/uploads\/2020\/07\/Ocaso-colmillos-de-chaihuin-3-150x150.jpeg?v=1597566492 150w, https:\/\/biotictuning.com\/wp-content\/uploads\/2020\/07\/Ocaso-colmillos-de-chaihuin-3-80x80.jpeg?v=1597566492 80w\" sizes=\"(max-width: 600px) 100vw, 600px\" \/><noscript><img decoding=\"async\" width=\"600\" height=\"600\" src=\"https:\/\/biotictuning.com\/wp-content\/uploads\/2020\/07\/Ocaso-colmillos-de-chaihuin-3-600x600.jpeg?v=1597566492\" class=\"attachment-ab-block-post-grid-square size-ab-block-post-grid-square lazyload\" alt=\"\" srcset=\"https:\/\/biotictuning.com\/wp-content\/uploads\/2020\/07\/Ocaso-colmillos-de-chaihuin-3-600x600.jpeg?v=1597566492 600w, https:\/\/biotictuning.com\/wp-content\/uploads\/2020\/07\/Ocaso-colmillos-de-chaihuin-3-530x530.jpeg?v=1597566492 530w, https:\/\/biotictuning.com\/wp-content\/uploads\/2020\/07\/Ocaso-colmillos-de-chaihuin-3-180x180.jpeg?v=1597566492 180w, https:\/\/biotictuning.com\/wp-content\/uploads\/2020\/07\/Ocaso-colmillos-de-chaihuin-3-150x150.jpeg?v=1597566492 150w, https:\/\/biotictuning.com\/wp-content\/uploads\/2020\/07\/Ocaso-colmillos-de-chaihuin-3-80x80.jpeg?v=1597566492 80w\" sizes=\"(max-width: 600px) 100vw, 600px\" \/><\/noscript><\/a><\/div><div class=\"ab-block-post-grid-text\"><header class=\"ab-block-post-grid-header\"><h3 class=\"ab-block-post-grid-title\"><a href=\"https:\/\/biotictuning.com\/es\/sendero-los-colmillos-de-chaihuin\/\" rel=\"bookmark\">Sendero los colmillos de Chaihuin<\/a><\/h3><div class=\"ab-block-post-grid-byline\"><\/div><\/header><div class=\"ab-block-post-grid-excerpt\"><p>Muy cerca del pueblito pesquero y tur\u00edstico de Chaihuin, la Reserva Costera Valdiviana ha habilitado para los visitantes un sendero interpretativo auto guiado muy c\u00f3modo y de acceso universal. Discurre por pasarelas de madera&hellip;<\/p>\n<p><a class=\"ab-block-post-grid-more-link ab-text-link\" href=\"https:\/\/biotictuning.com\/es\/sendero-los-colmillos-de-chaihuin\/\" rel=\"bookmark\">Contin\u00faa leyendo <span class=\"screen-reader-text\">Sendero los colmillos de Chaihuin<\/span><\/a><\/p><\/div><\/div><\/article>\n<article id=\"post-854\" class=\"ab-post-grid-item post-854 post type-post status-publish format-standard has-post-thumbnail category-bosques-antiguos-nativos-de-chile category-experiencias-y-programas-en-la-selva-valdiana category-plantas-nativas-de-la-selva-valdiviana category-selva-valdiviana-bosque-lluvioso-del-fin-del-mundo category-tours-parques-nacionales-y-reservas-naturales-selva-valdiviana entry\"><div class=\"ab-block-post-grid-image\"><a href=\"https:\/\/biotictuning.com\/es\/sendero-los-alerces-milenarios\/\" rel=\"bookmark\" aria-hidden=\"true\" tabindex=\"-1\"><img decoding=\"async\" width=\"600\" height=\"600\" src=\"data:image\/gif;base64,R0lGODlhAQABAIAAAAAAAP\/\/\/yH5BAEAAAAALAAAAAABAAEAAAIBRAA7\" data-src=\"https:\/\/biotictuning.com\/wp-content\/uploads\/2020\/07\/Sendero-de-alerces-600x600.jpg?v=1597566487\" class=\"attachment-ab-block-post-grid-square size-ab-block-post-grid-square lazyload\" alt=\"\" data-srcset=\"https:\/\/biotictuning.com\/wp-content\/uploads\/2020\/07\/Sendero-de-alerces-600x600.jpg?v=1597566487 600w, https:\/\/biotictuning.com\/wp-content\/uploads\/2020\/07\/Sendero-de-alerces-530x530.jpg?v=1597566487 530w, https:\/\/biotictuning.com\/wp-content\/uploads\/2020\/07\/Sendero-de-alerces-180x180.jpg?v=1597566487 180w, https:\/\/biotictuning.com\/wp-content\/uploads\/2020\/07\/Sendero-de-alerces-150x150.jpg?v=1597566487 150w, https:\/\/biotictuning.com\/wp-content\/uploads\/2020\/07\/Sendero-de-alerces-80x80.jpg?v=1597566487 80w\" sizes=\"(max-width: 600px) 100vw, 600px\" \/><noscript><img decoding=\"async\" width=\"600\" height=\"600\" src=\"https:\/\/biotictuning.com\/wp-content\/uploads\/2020\/07\/Sendero-de-alerces-600x600.jpg?v=1597566487\" class=\"attachment-ab-block-post-grid-square size-ab-block-post-grid-square lazyload\" alt=\"\" srcset=\"https:\/\/biotictuning.com\/wp-content\/uploads\/2020\/07\/Sendero-de-alerces-600x600.jpg?v=1597566487 600w, https:\/\/biotictuning.com\/wp-content\/uploads\/2020\/07\/Sendero-de-alerces-530x530.jpg?v=1597566487 530w, https:\/\/biotictuning.com\/wp-content\/uploads\/2020\/07\/Sendero-de-alerces-180x180.jpg?v=1597566487 180w, https:\/\/biotictuning.com\/wp-content\/uploads\/2020\/07\/Sendero-de-alerces-150x150.jpg?v=1597566487 150w, https:\/\/biotictuning.com\/wp-content\/uploads\/2020\/07\/Sendero-de-alerces-80x80.jpg?v=1597566487 80w\" sizes=\"(max-width: 600px) 100vw, 600px\" \/><\/noscript><\/a><\/div><div class=\"ab-block-post-grid-text\"><header class=\"ab-block-post-grid-header\"><h3 class=\"ab-block-post-grid-title\"><a href=\"https:\/\/biotictuning.com\/es\/sendero-los-alerces-milenarios\/\" rel=\"bookmark\">Sendero los alerces milenarios<\/a><\/h3><div class=\"ab-block-post-grid-byline\"><\/div><\/header><div class=\"ab-block-post-grid-excerpt\"><p>Un recorrido de unos 3 kil\u00f3metros por un sendero interpretativo muy bello a trav\u00e9s de la exuberante Selva Valdiviana. Aporta un conocimiento muy enriquecedor por la valiosa informaci\u00f3n que ofrecen los gu\u00edas durante la&hellip;<\/p>\n<p><a class=\"ab-block-post-grid-more-link ab-text-link\" href=\"https:\/\/biotictuning.com\/es\/sendero-los-alerces-milenarios\/\" rel=\"bookmark\">Contin\u00faa leyendo <span class=\"screen-reader-text\">Sendero los alerces milenarios<\/span><\/a><\/p><\/div><\/div><\/article>\n<article id=\"post-849\" class=\"ab-post-grid-item post-849 post type-post status-publish format-standard has-post-thumbnail category-costa-valdiviana category-experiencias-y-programas-en-la-selva-valdiana category-tours-parques-nacionales-y-reservas-naturales-selva-valdiviana entry\"><div class=\"ab-block-post-grid-image\"><a href=\"https:\/\/biotictuning.com\/es\/punta-curinanco-area-costera-protegida\/\" rel=\"bookmark\" aria-hidden=\"true\" tabindex=\"-1\"><img decoding=\"async\" width=\"600\" height=\"600\" src=\"data:image\/gif;base64,R0lGODlhAQABAIAAAAAAAP\/\/\/yH5BAEAAAAALAAAAAABAAEAAAIBRAA7\" data-src=\"https:\/\/biotictuning.com\/wp-content\/uploads\/2020\/07\/Cartel-Reserva-Punta-Curi\u00f1anco-600x600.jpg?v=1597566487\" class=\"attachment-ab-block-post-grid-square size-ab-block-post-grid-square lazyload\" alt=\"\" data-srcset=\"https:\/\/biotictuning.com\/wp-content\/uploads\/2020\/07\/Cartel-Reserva-Punta-Curi\u00f1anco-600x600.jpg?v=1597566487 600w, https:\/\/biotictuning.com\/wp-content\/uploads\/2020\/07\/Cartel-Reserva-Punta-Curi\u00f1anco-530x530.jpg?v=1597566487 530w, https:\/\/biotictuning.com\/wp-content\/uploads\/2020\/07\/Cartel-Reserva-Punta-Curi\u00f1anco-180x180.jpg?v=1597566487 180w, https:\/\/biotictuning.com\/wp-content\/uploads\/2020\/07\/Cartel-Reserva-Punta-Curi\u00f1anco-720x720.jpg?v=1597566487 720w, https:\/\/biotictuning.com\/wp-content\/uploads\/2020\/07\/Cartel-Reserva-Punta-Curi\u00f1anco-300x300.jpg?v=1597566487 300w, https:\/\/biotictuning.com\/wp-content\/uploads\/2020\/07\/Cartel-Reserva-Punta-Curi\u00f1anco-1024x1024.jpg?v=1597566487 1024w, https:\/\/biotictuning.com\/wp-content\/uploads\/2020\/07\/Cartel-Reserva-Punta-Curi\u00f1anco-150x150.jpg?v=1597566487 150w, https:\/\/biotictuning.com\/wp-content\/uploads\/2020\/07\/Cartel-Reserva-Punta-Curi\u00f1anco-768x768.jpg?v=1597566487 768w, https:\/\/biotictuning.com\/wp-content\/uploads\/2020\/07\/Cartel-Reserva-Punta-Curi\u00f1anco-80x80.jpg?v=1597566487 80w, https:\/\/biotictuning.com\/wp-content\/uploads\/2020\/07\/Cartel-Reserva-Punta-Curi\u00f1anco.jpg?v=1597566487 1300w\" sizes=\"(max-width: 600px) 100vw, 600px\" \/><noscript><img decoding=\"async\" width=\"600\" height=\"600\" src=\"https:\/\/biotictuning.com\/wp-content\/uploads\/2020\/07\/Cartel-Reserva-Punta-Curi\u00f1anco-600x600.jpg?v=1597566487\" class=\"attachment-ab-block-post-grid-square size-ab-block-post-grid-square lazyload\" alt=\"\" srcset=\"https:\/\/biotictuning.com\/wp-content\/uploads\/2020\/07\/Cartel-Reserva-Punta-Curi\u00f1anco-600x600.jpg?v=1597566487 600w, https:\/\/biotictuning.com\/wp-content\/uploads\/2020\/07\/Cartel-Reserva-Punta-Curi\u00f1anco-530x530.jpg?v=1597566487 530w, https:\/\/biotictuning.com\/wp-content\/uploads\/2020\/07\/Cartel-Reserva-Punta-Curi\u00f1anco-180x180.jpg?v=1597566487 180w, https:\/\/biotictuning.com\/wp-content\/uploads\/2020\/07\/Cartel-Reserva-Punta-Curi\u00f1anco-720x720.jpg?v=1597566487 720w, https:\/\/biotictuning.com\/wp-content\/uploads\/2020\/07\/Cartel-Reserva-Punta-Curi\u00f1anco-300x300.jpg?v=1597566487 300w, https:\/\/biotictuning.com\/wp-content\/uploads\/2020\/07\/Cartel-Reserva-Punta-Curi\u00f1anco-1024x1024.jpg?v=1597566487 1024w, https:\/\/biotictuning.com\/wp-content\/uploads\/2020\/07\/Cartel-Reserva-Punta-Curi\u00f1anco-150x150.jpg?v=1597566487 150w, https:\/\/biotictuning.com\/wp-content\/uploads\/2020\/07\/Cartel-Reserva-Punta-Curi\u00f1anco-768x768.jpg?v=1597566487 768w, https:\/\/biotictuning.com\/wp-content\/uploads\/2020\/07\/Cartel-Reserva-Punta-Curi\u00f1anco-80x80.jpg?v=1597566487 80w, https:\/\/biotictuning.com\/wp-content\/uploads\/2020\/07\/Cartel-Reserva-Punta-Curi\u00f1anco.jpg?v=1597566487 1300w\" sizes=\"(max-width: 600px) 100vw, 600px\" \/><\/noscript><\/a><\/div><div class=\"ab-block-post-grid-text\"><header class=\"ab-block-post-grid-header\"><h3 class=\"ab-block-post-grid-title\"><a href=\"https:\/\/biotictuning.com\/es\/punta-curinanco-area-costera-protegida\/\" rel=\"bookmark\">Punta Curi\u00f1anco, \u00e1rea costera protegida<\/a><\/h3><div class=\"ab-block-post-grid-byline\"><\/div><\/header><div class=\"ab-block-post-grid-excerpt\"><p>Una vez m\u00e1s, los amantes de la naturaleza debemos felicitarnos y agradecer a una organizaci\u00f3n privada y no gubernamental la posibilidad de disfrutar de espacios naturales \u00fanicos como \u00e9ste. En \u00e9ste caso, CODEFF,\u00a0 Comit\u00e9&hellip;<\/p>\n<p><a class=\"ab-block-post-grid-more-link ab-text-link\" href=\"https:\/\/biotictuning.com\/es\/punta-curinanco-area-costera-protegida\/\" rel=\"bookmark\">Contin\u00faa leyendo <span class=\"screen-reader-text\">Punta Curi\u00f1anco, \u00e1rea costera protegida<\/span><\/a><\/p><\/div><\/div><\/article>\n<article id=\"post-841\" class=\"ab-post-grid-item post-841 post type-post status-publish format-standard has-post-thumbnail category-costa-valdiviana category-experiencias-y-programas-en-la-selva-valdiana category-fauna-nativa-de-la-selva-valdiviana category-selva-valdiviana-bosque-lluvioso-del-fin-del-mundo category-tours-parques-nacionales-y-reservas-naturales-selva-valdiviana entry\"><div class=\"ab-block-post-grid-image\"><a href=\"https:\/\/biotictuning.com\/es\/loberia-de-huiro-parque-natural-kaman-mapu-un-espectaculo-imperdible-si-visitas-la-reserva\/\" rel=\"bookmark\" aria-hidden=\"true\" tabindex=\"-1\"><img decoding=\"async\" width=\"600\" height=\"600\" src=\"data:image\/gif;base64,R0lGODlhAQABAIAAAAAAAP\/\/\/yH5BAEAAAAALAAAAAABAAEAAAIBRAA7\" data-src=\"https:\/\/biotictuning.com\/wp-content\/uploads\/2020\/07\/Loberia-de-Huiro-600x600.jpg?v=1597566488\" class=\"attachment-ab-block-post-grid-square size-ab-block-post-grid-square lazyload\" alt=\"\" data-srcset=\"https:\/\/biotictuning.com\/wp-content\/uploads\/2020\/07\/Loberia-de-Huiro-600x600.jpg?v=1597566488 600w, https:\/\/biotictuning.com\/wp-content\/uploads\/2020\/07\/Loberia-de-Huiro-530x530.jpg?v=1597566488 530w, https:\/\/biotictuning.com\/wp-content\/uploads\/2020\/07\/Loberia-de-Huiro-180x180.jpg?v=1597566488 180w, https:\/\/biotictuning.com\/wp-content\/uploads\/2020\/07\/Loberia-de-Huiro-150x150.jpg?v=1597566488 150w, https:\/\/biotictuning.com\/wp-content\/uploads\/2020\/07\/Loberia-de-Huiro-80x80.jpg?v=1597566488 80w\" sizes=\"(max-width: 600px) 100vw, 600px\" \/><noscript><img decoding=\"async\" width=\"600\" height=\"600\" src=\"https:\/\/biotictuning.com\/wp-content\/uploads\/2020\/07\/Loberia-de-Huiro-600x600.jpg?v=1597566488\" class=\"attachment-ab-block-post-grid-square size-ab-block-post-grid-square lazyload\" alt=\"\" srcset=\"https:\/\/biotictuning.com\/wp-content\/uploads\/2020\/07\/Loberia-de-Huiro-600x600.jpg?v=1597566488 600w, https:\/\/biotictuning.com\/wp-content\/uploads\/2020\/07\/Loberia-de-Huiro-530x530.jpg?v=1597566488 530w, https:\/\/biotictuning.com\/wp-content\/uploads\/2020\/07\/Loberia-de-Huiro-180x180.jpg?v=1597566488 180w, https:\/\/biotictuning.com\/wp-content\/uploads\/2020\/07\/Loberia-de-Huiro-150x150.jpg?v=1597566488 150w, https:\/\/biotictuning.com\/wp-content\/uploads\/2020\/07\/Loberia-de-Huiro-80x80.jpg?v=1597566488 80w\" sizes=\"(max-width: 600px) 100vw, 600px\" \/><\/noscript><\/a><\/div><div class=\"ab-block-post-grid-text\"><header class=\"ab-block-post-grid-header\"><h3 class=\"ab-block-post-grid-title\"><a href=\"https:\/\/biotictuning.com\/es\/loberia-de-huiro-parque-natural-kaman-mapu-un-espectaculo-imperdible-si-visitas-la-reserva\/\" rel=\"bookmark\">Lober\u00eda de Huiro, Parque Natural Kama\u00f1 Mapu, un espect\u00e1culo imperdible si visitas la Reserva<\/a><\/h3><div class=\"ab-block-post-grid-byline\"><\/div><\/header><div class=\"ab-block-post-grid-excerpt\"><p>Se trata de uno de los atractivos estrella de la Reserva Costera Valdiviana ya que nos permite disfrutar de una impactante escena a muy poca distancia pero con total seguridad: cientos de lobos marinos&hellip;<\/p>\n<p><a class=\"ab-block-post-grid-more-link ab-text-link\" href=\"https:\/\/biotictuning.com\/es\/loberia-de-huiro-parque-natural-kaman-mapu-un-espectaculo-imperdible-si-visitas-la-reserva\/\" rel=\"bookmark\">Contin\u00faa leyendo <span class=\"screen-reader-text\">Lober\u00eda de Huiro, Parque Natural Kama\u00f1 Mapu, un espect\u00e1culo imperdible si visitas la Reserva<\/span><\/a><\/p><\/div><\/div><\/article>\n<article id=\"post-45\" class=\"ab-post-grid-item post-45 post type-post status-publish format-standard has-post-thumbnail category-legadoprimario category-sintonia-biotica entry\"><div class=\"ab-block-post-grid-image\"><a href=\"https:\/\/biotictuning.com\/es\/la-filosofia-del-cambio\/\" rel=\"bookmark\" aria-hidden=\"true\" tabindex=\"-1\"><img decoding=\"async\" width=\"600\" height=\"600\" src=\"data:image\/gif;base64,R0lGODlhAQABAIAAAAAAAP\/\/\/yH5BAEAAAAALAAAAAABAAEAAAIBRAA7\" data-src=\"https:\/\/biotictuning.com\/wp-content\/uploads\/2020\/05\/Bosque-alerces-600x600.jpeg?v=1597566509\" class=\"attachment-ab-block-post-grid-square size-ab-block-post-grid-square lazyload\" alt=\"Alerces milenarios selva valdiviana\" data-srcset=\"https:\/\/biotictuning.com\/wp-content\/uploads\/2020\/05\/Bosque-alerces-600x600.jpeg?v=1597566509 600w, https:\/\/biotictuning.com\/wp-content\/uploads\/2020\/05\/Bosque-alerces-530x530.jpeg?v=1597566509 530w, https:\/\/biotictuning.com\/wp-content\/uploads\/2020\/05\/Bosque-alerces-180x180.jpeg?v=1597566509 180w, https:\/\/biotictuning.com\/wp-content\/uploads\/2020\/05\/Bosque-alerces-150x150.jpeg?v=1597566509 150w, https:\/\/biotictuning.com\/wp-content\/uploads\/2020\/05\/Bosque-alerces-80x80.jpeg?v=1597566509 80w\" sizes=\"(max-width: 600px) 100vw, 600px\" \/><noscript><img decoding=\"async\" width=\"600\" height=\"600\" src=\"https:\/\/biotictuning.com\/wp-content\/uploads\/2020\/05\/Bosque-alerces-600x600.jpeg?v=1597566509\" class=\"attachment-ab-block-post-grid-square size-ab-block-post-grid-square lazyload\" alt=\"Alerces milenarios selva valdiviana\" srcset=\"https:\/\/biotictuning.com\/wp-content\/uploads\/2020\/05\/Bosque-alerces-600x600.jpeg?v=1597566509 600w, https:\/\/biotictuning.com\/wp-content\/uploads\/2020\/05\/Bosque-alerces-530x530.jpeg?v=1597566509 530w, https:\/\/biotictuning.com\/wp-content\/uploads\/2020\/05\/Bosque-alerces-180x180.jpeg?v=1597566509 180w, https:\/\/biotictuning.com\/wp-content\/uploads\/2020\/05\/Bosque-alerces-150x150.jpeg?v=1597566509 150w, https:\/\/biotictuning.com\/wp-content\/uploads\/2020\/05\/Bosque-alerces-80x80.jpeg?v=1597566509 80w\" sizes=\"(max-width: 600px) 100vw, 600px\" \/><\/noscript><\/a><\/div><div class=\"ab-block-post-grid-text\"><header class=\"ab-block-post-grid-header\"><h3 class=\"ab-block-post-grid-title\"><a href=\"https:\/\/biotictuning.com\/es\/la-filosofia-del-cambio\/\" rel=\"bookmark\">Entra en sinton\u00eda bi\u00f3tica<\/a><\/h3><div class=\"ab-block-post-grid-byline\"><\/div><\/header><div class=\"ab-block-post-grid-excerpt\"><p>Sinton\u00eda bi\u00f3tica: una meditaci\u00f3n en la que uno logra&nbsp;sintonizar con la frecuencia en la que vibra el reino vegetal&nbsp;y entrar en&nbsp;un estado de armon\u00eda total. Una conexi\u00f3n consciente con las \u00faltimas comunidades cl\u00edmax. Tiene&nbsp;tres&hellip;<\/p>\n<p><a class=\"ab-block-post-grid-more-link ab-text-link\" href=\"https:\/\/biotictuning.com\/es\/la-filosofia-del-cambio\/\" rel=\"bookmark\">Contin\u00faa leyendo <span class=\"screen-reader-text\">Entra en sinton\u00eda bi\u00f3tica<\/span><\/a><\/p><\/div><\/div><\/article>\n<\/div><\/section><\/div><\/div><\/div>","protected":false},"excerpt":{"rendered":"","protected":false},"author":1,"featured_media":0,"parent":0,"menu_order":26,"comment_status":"closed","ping_status":"closed","template":"page-templates\/blocks.php","meta":{"_genesis_hide_title":false,"_genesis_hide_breadcrumbs":false,"_genesis_hide_singular_image":false,"_genesis_hide_footer_widgets":false,"_genesis_custom_body_class":"","_genesis_custom_post_class":"","_genesis_layout":"","footnotes":""},"class_list":{"0":"post-6","1":"page","2":"type-page","3":"status-publish","5":"entry"},"featured_image_src":null,"featured_image_src_square":null,"_links":{"self":[{"href":"https:\/\/biotictuning.com\/es\/wp-json\/wp\/v2\/pages\/6","targetHints":{"allow":["GET"]}}],"collection":[{"href":"https:\/\/biotictuning.com\/es\/wp-json\/wp\/v2\/pages"}],"about":[{"href":"https:\/\/biotictuning.com\/es\/wp-json\/wp\/v2\/types\/page"}],"author":[{"embeddable":true,"href":"https:\/\/biotictuning.com\/es\/wp-json\/wp\/v2\/users\/1"}],"replies":[{"embeddable":true,"href":"https:\/\/biotictuning.com\/es\/wp-json\/wp\/v2\/comments?post=6"}],"version-history":[{"count":5,"href":"https:\/\/biotictuning.com\/es\/wp-json\/wp\/v2\/pages\/6\/revisions"}],"predecessor-version":[{"id":1721,"href":"https:\/\/biotictuning.com\/es\/wp-json\/wp\/v2\/pages\/6\/revisions\/1721"}],"wp:attachment":[{"href":"https:\/\/biotictuning.com\/es\/wp-json\/wp\/v2\/media?parent=6"}],"curies":[{"name":"wp","href":"https:\/\/api.w.org\/{rel}","templated":true}]}}