{"id":889,"date":"2020-07-31T10:48:32","date_gmt":"2020-07-31T10:48:32","guid":{"rendered":"http:\/\/biotictuning.com\/?post_type=product&#038;p=889"},"modified":"2020-09-04T15:40:31","modified_gmt":"2020-09-04T15:40:31","slug":"selva-valdiviana-360o-inmersion-total-3-noches-4-dias","status":"publish","type":"product","link":"https:\/\/biotictuning.com\/es\/producto\/selva-valdiviana-360o-inmersion-total-3-noches-4-dias\/","title":{"rendered":"Tour Selva Valdiviana 360\u00ba &#8211; Inmersi\u00f3n total &#8211; 3 noches \/ 4 d\u00edas"},"content":{"rendered":"<p><img decoding=\"async\" class=\"size-large wp-image-896 aligncenter lazyload\" src=\"data:image\/gif;base64,R0lGODlhAQABAIAAAAAAAP\/\/\/yH5BAEAAAAALAAAAAABAAEAAAIBRAA7\" data-src=\"http:\/\/biotictuning.com\/wp-content\/uploads\/2020\/07\/Stream-and-dunes-in-the-valdivian-rainforest-coast-1024x768.jpeg\" alt=\"\" width=\"1024\" height=\"768\" \/><noscript><img decoding=\"async\" class=\"size-large wp-image-896 aligncenter lazyload\" src=\"http:\/\/biotictuning.com\/wp-content\/uploads\/2020\/07\/Stream-and-dunes-in-the-valdivian-rainforest-coast-1024x768.jpeg\" alt=\"\" width=\"1024\" height=\"768\" srcset=\"https:\/\/biotictuning.com\/wp-content\/uploads\/2020\/07\/Stream-and-dunes-in-the-valdivian-rainforest-coast-1024x768.jpeg?v=1597566484 1024w, https:\/\/biotictuning.com\/wp-content\/uploads\/2020\/07\/Stream-and-dunes-in-the-valdivian-rainforest-coast-720x540.jpeg?v=1597566484 720w, https:\/\/biotictuning.com\/wp-content\/uploads\/2020\/07\/Stream-and-dunes-in-the-valdivian-rainforest-coast-300x225.jpeg?v=1597566484 300w, https:\/\/biotictuning.com\/wp-content\/uploads\/2020\/07\/Stream-and-dunes-in-the-valdivian-rainforest-coast-768x576.jpeg?v=1597566484 768w, https:\/\/biotictuning.com\/wp-content\/uploads\/2020\/07\/Stream-and-dunes-in-the-valdivian-rainforest-coast.jpeg?v=1597566484 1300w\" sizes=\"(max-width: 1024px) 100vw, 1024px\" \/><\/noscript><\/p>\n<p>Foto: peque\u00f1os oasis escondidos tras las dunas de las playas de la Reserva Costera Valdiviana<\/p>\n<p class=\"p1\"><strong>Inmersi\u00f3n 360\u00ba en la biota para afinar todos tus sentidos con la armon\u00eda de la naturaleza virgen.<\/strong> Disfrutaremos de una gastronom\u00eda local basada casi exclusivamente en productos de la zona. Durante la experiencia, cosecharemos, recolectaremos y mariscaremos junto a vosotros y cocinaremos en vuestra compa\u00f1\u00eda una gran variedad de verduras, hongos, mariscos, pescados, aves y carnes respetando las vedas y aprovechando los productos de cada temporada. Por supuesto, para los amantes del buen vino, todo ello puede ofrecerse felizmente maridado con excelentes vinos chilenos.<\/p>\n<p><iframe class=\"lazyload\" data-src=\"https:\/\/www.youtube.com\/embed\/gqTnJvmEd28\" width=\"560\" height=\"315\" frameborder=\"0\" allowfullscreen=\"allowfullscreen\"><\/iframe><\/p>\n<p>Video: playas v\u00edrgenes de la Reserva Costera Valdiviana<\/p>\n<h2>D\u00eda 1. Conocer Valdivia, mercado fluvial y llegada a Villa Los nativos, campamento base<\/h2>\n<p>Foto de Valdivia:<\/p>\n<p class=\"p1\">10:00 a.m. Llegada a Valdivia<\/p>\n<p class=\"p1\">Paseo por centro hist\u00f3rico y avituallamiento en<strong> el pintoresco y bien surtido mercado fluvial<\/strong> donde compraremos los productos que no se encuentra en el \u00e1rea de exploraci\u00f3n.<\/p>\n<p><img decoding=\"async\" class=\"aligncenter wp-image-898 size-large lazyload\" src=\"data:image\/gif;base64,R0lGODlhAQABAIAAAAAAAP\/\/\/yH5BAEAAAAALAAAAAABAAEAAAIBRAA7\" data-src=\"http:\/\/biotictuning.com\/wp-content\/uploads\/2020\/07\/ni\u00f1a-quesos-feria-fluvial-valdivia-1024x768.jpeg\" alt=\"Ni\u00f1a vendiendo quesos en feria fluvial de Valdivia\" width=\"1024\" height=\"768\" \/><noscript><img decoding=\"async\" class=\"aligncenter wp-image-898 size-large lazyload\" src=\"http:\/\/biotictuning.com\/wp-content\/uploads\/2020\/07\/ni\u00f1a-quesos-feria-fluvial-valdivia-1024x768.jpeg\" alt=\"Ni\u00f1a vendiendo quesos en feria fluvial de Valdivia\" width=\"1024\" height=\"768\" srcset=\"https:\/\/biotictuning.com\/wp-content\/uploads\/2020\/07\/ni\u00f1a-quesos-feria-fluvial-valdivia-1024x768.jpeg?v=1597566483 1024w, https:\/\/biotictuning.com\/wp-content\/uploads\/2020\/07\/ni\u00f1a-quesos-feria-fluvial-valdivia-720x540.jpeg?v=1597566483 720w, https:\/\/biotictuning.com\/wp-content\/uploads\/2020\/07\/ni\u00f1a-quesos-feria-fluvial-valdivia-300x225.jpeg?v=1597566483 300w, https:\/\/biotictuning.com\/wp-content\/uploads\/2020\/07\/ni\u00f1a-quesos-feria-fluvial-valdivia-768x576.jpeg?v=1597566483 768w, https:\/\/biotictuning.com\/wp-content\/uploads\/2020\/07\/ni\u00f1a-quesos-feria-fluvial-valdivia.jpeg?v=1597566483 1300w\" sizes=\"(max-width: 1024px) 100vw, 1024px\" \/><\/noscript><\/p>\n<p class=\"p1\">Almuerzo en uno de nuestros restaurantes preferidos: <strong>el monta\u00f1\u00e9s<\/strong>, <strong>sello de raza<\/strong>,<strong> la perla negra<\/strong> y ponemos rumbo al <strong>campamento base en el coraz\u00f3n de la <a href=\"https:\/\/biotictuning.com\/es\/reserva-costera-valdiviana\/\">Reserva Costera<span class=\"Apple-converted-space\">\u00a0 <\/span>Valdiviana<\/a><\/strong>.<\/p>\n<p class=\"p1\">Una vez all\u00ed, aperitivo de bienvenida, acomodamos el equipaje en Villa Los nativos y damos un <strong>paseo por las playas adyacentes y el parque<\/strong>.<\/p>\n<p class=\"p1\">7:00 p.m. <strong>Cena en la terraza o el comedor de Villa Los Nativos<\/strong> y sobremesa frente al mar y junto a una fogata para contemplar las estrellas o alrededor de la chimenea para disfrutar del fuego en el sal\u00f3n de la villa.<\/p>\n<p class=\"p1\">\u00c9ste primer d\u00eda <strong>os ense\u00f1amos las rutas sobre una fotograf\u00eda satelital<\/strong> en la que se muestra el \u00e1rea de exploraci\u00f3n con el tipo de flora y fauna de cada zona.<\/p>\n<p><img decoding=\"async\" class=\"size-large wp-image-890 aligncenter lazyload\" src=\"data:image\/gif;base64,R0lGODlhAQABAIAAAAAAAP\/\/\/yH5BAEAAAAALAAAAAABAAEAAAIBRAA7\" data-src=\"http:\/\/biotictuning.com\/wp-content\/uploads\/2020\/07\/Villa-Los-Nativos-Reserva-costera-Valdiviana-1024x768.jpeg\" alt=\"Panor\u00e1mica de la playa de Pelche, al fondo sobre el acantilado, Villa Los Nativos\" width=\"1024\" height=\"768\" \/><noscript><img decoding=\"async\" class=\"size-large wp-image-890 aligncenter lazyload\" src=\"http:\/\/biotictuning.com\/wp-content\/uploads\/2020\/07\/Villa-Los-Nativos-Reserva-costera-Valdiviana-1024x768.jpeg\" alt=\"Panor\u00e1mica de la playa de Pelche, al fondo sobre el acantilado, Villa Los Nativos\" width=\"1024\" height=\"768\" srcset=\"https:\/\/biotictuning.com\/wp-content\/uploads\/2020\/07\/Villa-Los-Nativos-Reserva-costera-Valdiviana-1024x768.jpeg?v=1597566486 1024w, https:\/\/biotictuning.com\/wp-content\/uploads\/2020\/07\/Villa-Los-Nativos-Reserva-costera-Valdiviana-720x540.jpeg?v=1597566486 720w, https:\/\/biotictuning.com\/wp-content\/uploads\/2020\/07\/Villa-Los-Nativos-Reserva-costera-Valdiviana-300x225.jpeg?v=1597566486 300w, https:\/\/biotictuning.com\/wp-content\/uploads\/2020\/07\/Villa-Los-Nativos-Reserva-costera-Valdiviana-768x576.jpeg?v=1597566486 768w, https:\/\/biotictuning.com\/wp-content\/uploads\/2020\/07\/Villa-Los-Nativos-Reserva-costera-Valdiviana.jpeg?v=1597566486 1300w\" sizes=\"(max-width: 1024px) 100vw, 1024px\" \/><\/noscript><\/p>\n<p>Foto: panor\u00e1mica de la playa de Pelche, al fondo sobre el acantilado, Villa Los Nativos<\/p>\n<h2>D\u00eda 2. Traves\u00eda costera: playas, saltos de agua, lagunas y r\u00edos v\u00edrgenes<\/h2>\n<p><iframe class=\"lazyload\" data-src=\"https:\/\/www.youtube.com\/embed\/7jXwyK18nEk\" width=\"560\" height=\"315\" frameborder=\"0\" allowfullscreen=\"allowfullscreen\"><\/iframe><\/p>\n<p>Video: inicio del recorrido. Gruta con salto de agua pr\u00f3xima a la Villa Los Nativos<\/p>\n<p class=\"p1\">9:00 am <strong>Desayuno huilliche<\/strong> en Villa Los Nativos. Tortilla al rescoldo, huevos araucanos, mermeladas de frutos del bosque, mantequilla de campo. Te de hiervas medicinales de la selva valdiviana. + Caf\u00e9 de grano.<\/p>\n<p>Foto: Al interior de la Villa.<\/p>\n<p class=\"p1\">Recorreremos a pie <strong>las playas m\u00e1s bellas de la Reserva Costera Valdiviana. Infinitas.<\/strong> No tienes que preocuparte por llevar tus cosas o por la alimentaci\u00f3n y bebida. Un guia os acompa\u00f1ar\u00e1 o si lo prefer\u00eds, os indicar\u00e1 el camino y podr\u00e9is caminar solos. \u00c9l siempre estar\u00e1 atento para entregar el relato del lugar, resolver cualquier inquietud o consulta y que no os perd\u00e1is. En cualquier caso, se os facilitar\u00e1 un radio tel\u00e9fono, prism\u00e1ticos y gps. En distintos puntos os esperamos con un aperitivo y <strong>el gu\u00eda lleva todo lo necesario para que pod\u00e1is realizar la caminata c\u00f3modamente<\/strong>.<\/p>\n<p class=\"p1\">Almorzaremos frugalmente en la desembocadura del <strong>r\u00edo Col\u00fan.<\/strong>\u00a0Tras reponer fuerzas, atravesaremos un <strong>bosque antiguo<\/strong>, donde habr\u00e1 tiempo de compartir unos m\u00e1gicos momentos con los grandes maestros, los \u00e1rboles.<\/p>\n<p><img decoding=\"async\" class=\"size-large wp-image-894 aligncenter lazyload\" src=\"data:image\/gif;base64,R0lGODlhAQABAIAAAAAAAP\/\/\/yH5BAEAAAAALAAAAAABAAEAAAIBRAA7\" data-src=\"http:\/\/biotictuning.com\/wp-content\/uploads\/2020\/07\/Valdivian-ancient-rainforest-1024x768.jpeg\" alt=\"\" width=\"1024\" height=\"768\" \/><noscript><img decoding=\"async\" class=\"size-large wp-image-894 aligncenter lazyload\" src=\"http:\/\/biotictuning.com\/wp-content\/uploads\/2020\/07\/Valdivian-ancient-rainforest-1024x768.jpeg\" alt=\"\" width=\"1024\" height=\"768\" srcset=\"https:\/\/biotictuning.com\/wp-content\/uploads\/2020\/07\/Valdivian-ancient-rainforest-1024x768.jpeg?v=1597566485 1024w, https:\/\/biotictuning.com\/wp-content\/uploads\/2020\/07\/Valdivian-ancient-rainforest-720x540.jpeg?v=1597566485 720w, https:\/\/biotictuning.com\/wp-content\/uploads\/2020\/07\/Valdivian-ancient-rainforest-300x225.jpeg?v=1597566485 300w, https:\/\/biotictuning.com\/wp-content\/uploads\/2020\/07\/Valdivian-ancient-rainforest-768x576.jpeg?v=1597566485 768w, https:\/\/biotictuning.com\/wp-content\/uploads\/2020\/07\/Valdivian-ancient-rainforest.jpeg?v=1597566485 1300w\" sizes=\"(max-width: 1024px) 100vw, 1024px\" \/><\/noscript><\/p>\n<p>Foto: vistas de Bosque antiguo valdiviano no intervenido<\/p>\n<p class=\"p1\">Al final del sendero Bosque Antiguo nos espera la <strong>cala virgen<\/strong> en donde<strong> cenaremos pescado y mariscos al fuego<\/strong> <strong>recolectados a pi\u00e9 y pescados a la lienza en el lugar<\/strong>. All\u00ed pasaremos la noche. Tiempo libre para contemplar las estrellas, meditar o realizar una excursi\u00f3n nocturna por la playa.<\/p>\n<p><img decoding=\"async\" class=\"size-large wp-image-906 aligncenter lazyload\" src=\"data:image\/gif;base64,R0lGODlhAQABAIAAAAAAAP\/\/\/yH5BAEAAAAALAAAAAABAAEAAAIBRAA7\" data-src=\"http:\/\/biotictuning.com\/wp-content\/uploads\/2020\/07\/ancient-Mapuche-indigenous-sanctuary-in-the-Valdivian-rainforest-1024x768.jpeg\" alt=\"\" width=\"1024\" height=\"768\" \/><noscript><img decoding=\"async\" class=\"size-large wp-image-906 aligncenter lazyload\" src=\"http:\/\/biotictuning.com\/wp-content\/uploads\/2020\/07\/ancient-Mapuche-indigenous-sanctuary-in-the-Valdivian-rainforest-1024x768.jpeg\" alt=\"\" width=\"1024\" height=\"768\" srcset=\"https:\/\/biotictuning.com\/wp-content\/uploads\/2020\/07\/ancient-Mapuche-indigenous-sanctuary-in-the-Valdivian-rainforest-1024x768.jpeg?v=1597566481 1024w, https:\/\/biotictuning.com\/wp-content\/uploads\/2020\/07\/ancient-Mapuche-indigenous-sanctuary-in-the-Valdivian-rainforest-720x540.jpeg?v=1597566481 720w, https:\/\/biotictuning.com\/wp-content\/uploads\/2020\/07\/ancient-Mapuche-indigenous-sanctuary-in-the-Valdivian-rainforest-300x225.jpeg?v=1597566481 300w, https:\/\/biotictuning.com\/wp-content\/uploads\/2020\/07\/ancient-Mapuche-indigenous-sanctuary-in-the-Valdivian-rainforest-768x576.jpeg?v=1597566481 768w, https:\/\/biotictuning.com\/wp-content\/uploads\/2020\/07\/ancient-Mapuche-indigenous-sanctuary-in-the-Valdivian-rainforest.jpeg?v=1597566481 1300w\" sizes=\"(max-width: 1024px) 100vw, 1024px\" \/><\/noscript><\/p>\n<p>Foto: antiguo lugar sagrado de los Mapuches<\/p>\n<h2>D\u00eda 3. Visita a playa de Hueicolla, paseo en kayak y regreso a Villa Los Nativos<\/h2>\n<p><img decoding=\"async\" class=\"alignnone size-large wp-image-892 lazyload\" src=\"data:image\/gif;base64,R0lGODlhAQABAIAAAAAAAP\/\/\/yH5BAEAAAAALAAAAAABAAEAAAIBRAA7\" data-src=\"http:\/\/biotictuning.com\/wp-content\/uploads\/2020\/07\/Villa-en-la-playa-de-Hueicolla-1024x768.jpeg\" alt=\"\" width=\"1024\" height=\"768\" \/><noscript><img decoding=\"async\" class=\"alignnone size-large wp-image-892 lazyload\" src=\"http:\/\/biotictuning.com\/wp-content\/uploads\/2020\/07\/Villa-en-la-playa-de-Hueicolla-1024x768.jpeg\" alt=\"\" width=\"1024\" height=\"768\" srcset=\"https:\/\/biotictuning.com\/wp-content\/uploads\/2020\/07\/Villa-en-la-playa-de-Hueicolla-1024x768.jpeg?v=1597566486 1024w, https:\/\/biotictuning.com\/wp-content\/uploads\/2020\/07\/Villa-en-la-playa-de-Hueicolla-720x540.jpeg?v=1597566486 720w, https:\/\/biotictuning.com\/wp-content\/uploads\/2020\/07\/Villa-en-la-playa-de-Hueicolla-300x225.jpeg?v=1597566486 300w, https:\/\/biotictuning.com\/wp-content\/uploads\/2020\/07\/Villa-en-la-playa-de-Hueicolla-768x576.jpeg?v=1597566486 768w, https:\/\/biotictuning.com\/wp-content\/uploads\/2020\/07\/Villa-en-la-playa-de-Hueicolla.jpeg?v=1597566486 1300w\" sizes=\"(max-width: 1024px) 100vw, 1024px\" \/><\/noscript><\/p>\n<p>Foto: Balneario de Hueicolla. C\u00edrculo Hueicollano. Corporaci\u00f3n privada.<span class=\"Apple-converted-space\">\u00a0<\/span><\/p>\n<p class=\"p1\">Desayunamos con calma y partimos caminando por la playa hacia el <strong>balneario de Hueicolla<\/strong>. Cruzaremos su r\u00edo y caminaremos por su pintoresca playa.<\/p>\n<p class=\"p1\">Ese mismo d\u00eda <strong>almorzaremos a pi\u00e9 de duna<\/strong> en la playa de Col\u00fan y <strong>pasearemos en Kayak por las lagunas gemelas<\/strong>, totalmente desprovistas de edificaciones.<\/p>\n<p><iframe class=\"lazyload\" data-src=\"https:\/\/www.youtube.com\/embed\/L8xLTDTdSf8\" width=\"560\" height=\"315\" frameborder=\"0\" allowfullscreen=\"allowfullscreen\"><\/iframe><\/p>\n<p>Video: Lagunas gemelas de la Reserva Costera Valdiviana en invierno<\/p>\n<p class=\"p1\">18:00 pm (Aprox.) Regresamos a Villa Los Nativos. Aperitivo de bienvenida. Tiempo de relajaci\u00f3n hasta la cena. Paseo por el parque de bosque nativo, visita a las playas adyacentes, siesta, ba\u00f1o, fuego, meditaci\u00f3n libre etc.<\/p>\n<p><img decoding=\"async\" class=\"alignnone wp-image-964 size-full lazyload\" src=\"data:image\/gif;base64,R0lGODlhAQABAIAAAAAAAP\/\/\/yH5BAEAAAAALAAAAAABAAEAAAIBRAA7\" data-src=\"http:\/\/biotictuning.com\/wp-content\/uploads\/2020\/07\/sea-foam-through-a-tunnel-rock-at-valdivian-coast-copy.jpg\" alt=\"\" width=\"1000\" height=\"750\" \/><noscript><img decoding=\"async\" class=\"alignnone wp-image-964 size-full lazyload\" src=\"http:\/\/biotictuning.com\/wp-content\/uploads\/2020\/07\/sea-foam-through-a-tunnel-rock-at-valdivian-coast-copy.jpg\" alt=\"\" width=\"1000\" height=\"750\" srcset=\"https:\/\/biotictuning.com\/wp-content\/uploads\/2020\/07\/sea-foam-through-a-tunnel-rock-at-valdivian-coast-copy.jpg?v=1597566476 1000w, https:\/\/biotictuning.com\/wp-content\/uploads\/2020\/07\/sea-foam-through-a-tunnel-rock-at-valdivian-coast-copy-300x225.jpg?v=1597566476 300w, https:\/\/biotictuning.com\/wp-content\/uploads\/2020\/07\/sea-foam-through-a-tunnel-rock-at-valdivian-coast-copy-768x576.jpg?v=1597566476 768w, https:\/\/biotictuning.com\/wp-content\/uploads\/2020\/07\/sea-foam-through-a-tunnel-rock-at-valdivian-coast-copy-720x540.jpg?v=1597566476 720w\" sizes=\"(max-width: 1000px) 100vw, 1000px\" \/><\/noscript><\/p>\n<p>Foto: caprichosas formaciones rocosas ba\u00f1adas por la espuma del mar. Situada entre las playas aleda\u00f1as a Villa Los Nativos<\/p>\n<p>19:00 p.m. <strong>Cena en base al legado de la gastronom\u00eda colonial<\/strong><\/p>\n<p>20:30 pm <strong>Acci\u00f3n de gracias (Ma\u00f1umtun) a la \u00d1uke Mapu (Madre tierra)<\/strong><\/p>\n<h2><b>D\u00eda 4. Los alerces milenarios. Regreso a Valdivia<\/b><\/h2>\n<p><img decoding=\"async\" class=\"size-large wp-image-902 aligncenter lazyload\" src=\"data:image\/gif;base64,R0lGODlhAQABAIAAAAAAAP\/\/\/yH5BAEAAAAALAAAAAABAAEAAAIBRAA7\" data-src=\"http:\/\/biotictuning.com\/wp-content\/uploads\/2020\/07\/Giant-millennial-larch-at-the-Valdivian-Coastal-Reserve-2-1024x703.jpeg\" alt=\"\" width=\"1024\" height=\"703\" \/><noscript><img decoding=\"async\" class=\"size-large wp-image-902 aligncenter lazyload\" src=\"http:\/\/biotictuning.com\/wp-content\/uploads\/2020\/07\/Giant-millennial-larch-at-the-Valdivian-Coastal-Reserve-2-1024x703.jpeg\" alt=\"\" width=\"1024\" height=\"703\" srcset=\"https:\/\/biotictuning.com\/wp-content\/uploads\/2020\/07\/Giant-millennial-larch-at-the-Valdivian-Coastal-Reserve-2-1024x703.jpeg?v=1597566482 1024w, https:\/\/biotictuning.com\/wp-content\/uploads\/2020\/07\/Giant-millennial-larch-at-the-Valdivian-Coastal-Reserve-2-720x495.jpeg?v=1597566482 720w, https:\/\/biotictuning.com\/wp-content\/uploads\/2020\/07\/Giant-millennial-larch-at-the-Valdivian-Coastal-Reserve-2-300x206.jpeg?v=1597566482 300w, https:\/\/biotictuning.com\/wp-content\/uploads\/2020\/07\/Giant-millennial-larch-at-the-Valdivian-Coastal-Reserve-2-768x528.jpeg?v=1597566482 768w, https:\/\/biotictuning.com\/wp-content\/uploads\/2020\/07\/Giant-millennial-larch-at-the-Valdivian-Coastal-Reserve-2.jpeg?v=1597566482 1300w\" sizes=\"(max-width: 1024px) 100vw, 1024px\" \/><\/noscript><\/p>\n<p>Foto: encuentro con Alerce milenario<\/p>\n<p>9:00 am <strong>Desayuno huilliche<\/strong> en Villa Los Nativos. Tortilla al rescoldo, huevos araucanos, mermeladas de frutos del bosque, mantequilla de campo. Te de hiervas medicinales de la selva valdiviana. + Caf\u00e9 de grano.<\/p>\n<p>Visita a una <strong>zona de alerces milenarios<\/strong>. Meditaci\u00f3n libre con los grandes maestros, los \u00e1rboles madre.<\/p>\n<p>El horario de salida de Villa los Nativos y llegada a Valdivia depender\u00e1 del medio de transporte que utilic\u00e9is para el regreso a Santiago o de vuestros planes tras esta experiencia.<\/p>\n<p>Nota: por favor si eres vegano, vegetariano o hay alg\u00fan alimento en especial que no puedes o quieres comer, haznosl\u00f3 saber con antelaci\u00f3n.<\/p>\n<p>A esta experiencia pueden sum\u00e1rsele cualquiera de las experiencias de 1 noche \/ dos d\u00edas del paquete tur\u00edstico \u201cExcursiones desde Villa Los Nativos\u201d<\/p>\n<h2>\u00c9ste programa incluye:<\/h2>\n<ul class=\"ul1\">\n<li class=\"li1\"><b>Gu\u00eda experto en la\u00a0<\/b><a href=\"https:\/\/biotictuning.com\/es\/la-selva-valdiviana-el-bosque-lluvioso-del-fin-del-mundo\/\"><span class=\"s2\"><b>Selva Valdiviana<\/b><\/span><\/a>. Te informar\u00e1 sobre su flora, su fauna y sobre la cultura y la historia de los nativos de la zona, con los que podr\u00e1s compartir experiencias interesantes<\/li>\n<li class=\"li1\">D\u00edas 1, 2 y 3:<b> Desayunos, comidas y cenas <\/b>cada d\u00eda. D\u00eda 4 Desayuno y aperitivo<\/li>\n<li class=\"li1\"><strong>Alojamiento<\/strong> noche 1, 2 y 3<\/li>\n<li class=\"li1\">Transporte exclusivo en\u00a0<b>veh\u00edculo privado para tu grupo todos los d\u00edas<\/b><\/li>\n<li class=\"li1\"><b>Todos los equipos necesarios <\/b>para el disfrute de las experiencias salvo el calzado y el vestuario.<\/li>\n<li class=\"li1\"><b>Recoger y dejar en Valdivia<\/b><\/li>\n<\/ul>\n","protected":false},"excerpt":{"rendered":"<h2>Descubre las playas, cascadas y bosques antiguos de la Selva Valdiviana<\/h2>\n<p>Experiencia \u201c<strong>TODO ECOSISTEMA<\/strong>\u201d &#8211; Bioma integral<\/p>\n<p>Espectacular caminata costera por <strong>playas v\u00edrgenes<\/strong>. Exploraremos <strong>verdes y frondosos valles<\/strong>, aut\u00e9nticos oasis atrapados por las <strong>enormes<\/strong> <strong>dunas costeras<\/strong>. Nos detendremos a observar los impresionantes <strong>saltos de agua<\/strong> en cada libre desde los altos acantilados a la orilla del mar, haremos kayak en <strong>lagunas pr\u00edstinas<\/strong>, nos daremos ba\u00f1os de <strong>bosque antiguo<\/strong> en la selva Valdiviana e incluso, una de las noches, dormiremos en una gruta frente al mar rodeados de frondosa vegetaci\u00f3n nativa.<\/p>\n","protected":false},"featured_media":904,"template":"","meta":{"_genesis_hide_title":false,"_genesis_hide_breadcrumbs":false,"_genesis_hide_singular_image":false,"_genesis_hide_footer_widgets":false,"_genesis_custom_body_class":"","_genesis_custom_post_class":"","_genesis_layout":""},"product_cat":[59],"product_tag":[],"class_list":{"0":"post-889","1":"product","2":"type-product","3":"status-publish","4":"has-post-thumbnail","6":"product_cat-paquetes-turisticos-sur-de-chile","7":"entry","9":"first","10":"instock","11":"virtual","12":"sold-individually","13":"taxable","14":"purchasable","15":"product-type-booking"},"_links":{"self":[{"href":"https:\/\/biotictuning.com\/es\/wp-json\/wp\/v2\/product\/889","targetHints":{"allow":["GET"]}}],"collection":[{"href":"https:\/\/biotictuning.com\/es\/wp-json\/wp\/v2\/product"}],"about":[{"href":"https:\/\/biotictuning.com\/es\/wp-json\/wp\/v2\/types\/product"}],"wp:featuredmedia":[{"embeddable":true,"href":"https:\/\/biotictuning.com\/es\/wp-json\/wp\/v2\/media\/904"}],"wp:attachment":[{"href":"https:\/\/biotictuning.com\/es\/wp-json\/wp\/v2\/media?parent=889"}],"wp:term":[{"taxonomy":"product_cat","embeddable":true,"href":"https:\/\/biotictuning.com\/es\/wp-json\/wp\/v2\/product_cat?post=889"},{"taxonomy":"product_tag","embeddable":true,"href":"https:\/\/biotictuning.com\/es\/wp-json\/wp\/v2\/product_tag?post=889"}],"curies":[{"name":"wp","href":"https:\/\/api.w.org\/{rel}","templated":true}]}}