{"id":919,"date":"2020-08-02T10:07:48","date_gmt":"2020-08-02T10:07:48","guid":{"rendered":"http:\/\/biotictuning.com\/?post_type=product&#038;p=919"},"modified":"2020-09-04T15:47:33","modified_gmt":"2020-09-04T15:47:33","slug":"punta-curinanco-conoce-un-bosque-sagrado-ancestral","status":"publish","type":"product","link":"https:\/\/biotictuning.com\/es\/producto\/punta-curinanco-conoce-un-bosque-sagrado-ancestral\/","title":{"rendered":"Tour Punta Curi\u00f1anco, conoce un bosque sagrado ancestral"},"content":{"rendered":"<h2>Tour Punta Curi\u00f1anco, conoce un bosque sagrado ancestral<\/h2>\n<p class=\"p1\">Un fragmento de <a href=\"https:\/\/biotictuning.com\/es\/el-olivillo-pilar-fundamental-del-bosque-lluvioso-de-la-costa-valdiviana\/\"><strong>bosque catedral de olivillo<\/strong><\/a> costero donde respirar\u00e1s espiritualidad y <strong>disfrutar\u00e1s de la compa\u00f1\u00eda de longevos \u00e1rboles de gran envergadura<\/strong>. Seres majestuosos de m\u00e1s de 500 a\u00f1os de edad y 30 metros de altura. Son necear\u00edas varias personas con las manos entrelazadas a su alrededor para abrazar sus circunferencias completamente.<\/p>\n<p class=\"p1\">Un paseo <strong>ideal para conocer la biodiversidad de la costa de Valdivia en poco m\u00e1s de dos horas<\/strong>. Adem\u00e1s del bosque adulto, atravesamos un humedal con grandes helechos, tambi\u00e9n el soto bosque formado por peque\u00f1os \u00e1rboles y arbustos como el array\u00e1n, el avellanillo o el canelo. Finalmente, el sendero discurre por un angosto pasillo que se abre paso a trav\u00e9s del matorral costero. Veremos plantas y arbustos t\u00edpicos de la zona como el chup\u00f3n y la murta cuyos frutos son muy apreciados para la elaboraci\u00f3n de jugos, reposter\u00eda, mermeladas y licores.<\/p>\n<p class=\"p1\">El ecosistema alberga una buena representaci\u00f3n de fauna terrestre y marina de la biodiversidad de la <a href=\"https:\/\/biotictuning.com\/es\/biodiversidad\/\">Ecorregi\u00f3n Bosque Valdiviano<\/a> que con un poco de suerte tendr\u00e1s la posibilidad de contemplar. Al interior del bosque, <strong>pud\u00faes<\/strong>, <strong>hui\u00f1as<\/strong>, <strong>zorros chillas<\/strong><span class=\"Apple-converted-space\">\u00a0 <\/span>\u2026. Y desde los <strong>miradores costeros<\/strong>, de <strong>gran belleza esc\u00e9nica<\/strong>, chungungos, lobos de mar, cormoranes imperiales y patos.<\/p>\n<p class=\"p1\">La experiencia culmina con un peque\u00f1o <strong>picnic<\/strong> frente a las grandes rocas de caprichosas formas que se encuentran al otro extremo de la gran <strong>playa de Curi\u00f1anco<\/strong>, una de las m\u00e1s extensas de la costa Valdiviana<\/p>\n<p><img decoding=\"async\" class=\"size-full wp-image-922 aligncenter lazyload\" src=\"data:image\/gif;base64,R0lGODlhAQABAIAAAAAAAP\/\/\/yH5BAEAAAAALAAAAAABAAEAAAIBRAA7\" data-src=\"http:\/\/biotictuning.com\/wp-content\/uploads\/2020\/08\/Playa-Curi\u00f1anco-desde-la-Reserva-costera-protegida.jpg\" alt=\"\" width=\"960\" height=\"644\" \/><noscript><img decoding=\"async\" class=\"size-full wp-image-922 aligncenter lazyload\" src=\"http:\/\/biotictuning.com\/wp-content\/uploads\/2020\/08\/Playa-Curi\u00f1anco-desde-la-Reserva-costera-protegida.jpg\" alt=\"\" width=\"960\" height=\"644\" srcset=\"https:\/\/biotictuning.com\/wp-content\/uploads\/2020\/08\/Playa-Curi\u00f1anco-desde-la-Reserva-costera-protegida.jpg?v=1597566479 960w, https:\/\/biotictuning.com\/wp-content\/uploads\/2020\/08\/Playa-Curi\u00f1anco-desde-la-Reserva-costera-protegida-720x483.jpg?v=1597566479 720w, https:\/\/biotictuning.com\/wp-content\/uploads\/2020\/08\/Playa-Curi\u00f1anco-desde-la-Reserva-costera-protegida-300x201.jpg?v=1597566479 300w, https:\/\/biotictuning.com\/wp-content\/uploads\/2020\/08\/Playa-Curi\u00f1anco-desde-la-Reserva-costera-protegida-768x515.jpg?v=1597566479 768w\" sizes=\"(max-width: 960px) 100vw, 960px\" \/><\/noscript><\/p>\n<p>Foto: Playa Curi\u00f1anco desde la Reserva costera protegida<\/p>\n<p class=\"p1\"><b>El tour incluye:<\/b><\/p>\n<ul class=\"ul1\">\n<li class=\"li2\"><strong>Gu\u00eda experto en la <a href=\"https:\/\/biotictuning.com\/es\/la-selva-valdiviana-el-bosque-lluvioso-del-fin-del-mundo\/\">Selva Valdiviana<\/a><\/strong>. Te informar\u00e1 sobre su flora y su fauna y la cultura y tradiciones del pueblo original Mapuche en la zona<\/li>\n<li class=\"li2\"><strong>Picnic<\/strong> a orillas del mar<\/li>\n<li class=\"li2\">Transporte exclusivo en <strong>veh\u00edculo privado s\u00f3lo para tu grupo<\/strong><\/li>\n<li class=\"li2\"><strong>Recoger y dejar en Valdivia<\/strong><\/li>\n<\/ul>\n<p class=\"p1\">\u00a1No te pierdas esta experiencia! Te pasamos a recoger a tu hotel en Valdivia a las 9:00 a. m. y te dejamos de nuevo all\u00ed a la 1:00 p. m.<\/p>\n<p><iframe class=\"lazyload\" data-src=\"https:\/\/www.youtube.com\/embed\/mh27Q_11HAQ\" width=\"560\" height=\"315\" frameborder=\"0\" allowfullscreen=\"allowfullscreen\"><\/iframe><\/p>\n<p class=\"p1\">Estos son los <b>principales lugares que vamos a visitar<\/b>:<\/p>\n<ul>\n<li class=\"p2\"><a href=\"https:\/\/biotictuning.com\/es\/punta-curinanco-area-costera-protegida\/\"><b>Reserva punta Curi\u00f1anco (Ver + Info)\u00a0<\/b><\/a><\/li>\n<li class=\"p2\"><b>Playa de Curi\u00f1anco<\/b><\/li>\n<\/ul>\n<p><img decoding=\"async\" class=\"size-large wp-image-846 aligncenter lazyload\" src=\"data:image\/gif;base64,R0lGODlhAQABAIAAAAAAAP\/\/\/yH5BAEAAAAALAAAAAABAAEAAAIBRAA7\" data-src=\"http:\/\/biotictuning.com\/wp-content\/uploads\/2020\/07\/Cartel-Reserva-Punta-Curi\u00f1anco-1024x1024.jpg\" alt=\"\" width=\"1024\" height=\"1024\" \/><noscript><img decoding=\"async\" class=\"size-large wp-image-846 aligncenter lazyload\" src=\"http:\/\/biotictuning.com\/wp-content\/uploads\/2020\/07\/Cartel-Reserva-Punta-Curi\u00f1anco-1024x1024.jpg\" alt=\"\" width=\"1024\" height=\"1024\" srcset=\"https:\/\/biotictuning.com\/wp-content\/uploads\/2020\/07\/Cartel-Reserva-Punta-Curi\u00f1anco-1024x1024.jpg?v=1597566487 1024w, https:\/\/biotictuning.com\/wp-content\/uploads\/2020\/07\/Cartel-Reserva-Punta-Curi\u00f1anco-530x530.jpg?v=1597566487 530w, https:\/\/biotictuning.com\/wp-content\/uploads\/2020\/07\/Cartel-Reserva-Punta-Curi\u00f1anco-180x180.jpg?v=1597566487 180w, https:\/\/biotictuning.com\/wp-content\/uploads\/2020\/07\/Cartel-Reserva-Punta-Curi\u00f1anco-720x720.jpg?v=1597566487 720w, https:\/\/biotictuning.com\/wp-content\/uploads\/2020\/07\/Cartel-Reserva-Punta-Curi\u00f1anco-300x300.jpg?v=1597566487 300w, https:\/\/biotictuning.com\/wp-content\/uploads\/2020\/07\/Cartel-Reserva-Punta-Curi\u00f1anco-150x150.jpg?v=1597566487 150w, https:\/\/biotictuning.com\/wp-content\/uploads\/2020\/07\/Cartel-Reserva-Punta-Curi\u00f1anco-768x768.jpg?v=1597566487 768w, https:\/\/biotictuning.com\/wp-content\/uploads\/2020\/07\/Cartel-Reserva-Punta-Curi\u00f1anco-80x80.jpg?v=1597566487 80w, https:\/\/biotictuning.com\/wp-content\/uploads\/2020\/07\/Cartel-Reserva-Punta-Curi\u00f1anco-600x600.jpg?v=1597566487 600w, https:\/\/biotictuning.com\/wp-content\/uploads\/2020\/07\/Cartel-Reserva-Punta-Curi\u00f1anco.jpg?v=1597566487 1300w\" sizes=\"(max-width: 1024px) 100vw, 1024px\" \/><\/noscript><\/p>\n<p>Foto: Cartel Reserva Punta Curi\u00f1anco<\/p>\n","protected":false},"excerpt":{"rendered":"<p>El atractivo principal de \u00e9sta experiencia es, sin duda, la <strong>visita al antiguo bosque sagrado de los Mapuche<\/strong>, pueblo originario del sur de Chile que a\u00fan sigue celebrando en ese m\u00e1gico lugar sus rituales ceremoniales.<\/p>\n","protected":false},"featured_media":920,"template":"","meta":{"_genesis_hide_title":false,"_genesis_hide_breadcrumbs":false,"_genesis_hide_singular_image":false,"_genesis_hide_footer_widgets":false,"_genesis_custom_body_class":"","_genesis_custom_post_class":"","_genesis_layout":""},"product_cat":[60],"product_tag":[63],"class_list":{"0":"post-919","1":"product","2":"type-product","3":"status-publish","4":"has-post-thumbnail","6":"product_cat-tours-medio-dia","7":"product_tag-punta-curinanco","8":"entry","10":"first","11":"instock","12":"sold-individually","13":"taxable","14":"shipping-taxable","15":"purchasable","16":"product-type-booking"},"_links":{"self":[{"href":"https:\/\/biotictuning.com\/es\/wp-json\/wp\/v2\/product\/919","targetHints":{"allow":["GET"]}}],"collection":[{"href":"https:\/\/biotictuning.com\/es\/wp-json\/wp\/v2\/product"}],"about":[{"href":"https:\/\/biotictuning.com\/es\/wp-json\/wp\/v2\/types\/product"}],"wp:featuredmedia":[{"embeddable":true,"href":"https:\/\/biotictuning.com\/es\/wp-json\/wp\/v2\/media\/920"}],"wp:attachment":[{"href":"https:\/\/biotictuning.com\/es\/wp-json\/wp\/v2\/media?parent=919"}],"wp:term":[{"taxonomy":"product_cat","embeddable":true,"href":"https:\/\/biotictuning.com\/es\/wp-json\/wp\/v2\/product_cat?post=919"},{"taxonomy":"product_tag","embeddable":true,"href":"https:\/\/biotictuning.com\/es\/wp-json\/wp\/v2\/product_tag?post=919"}],"curies":[{"name":"wp","href":"https:\/\/api.w.org\/{rel}","templated":true}]}}